{"id":4874,"date":"2022-04-21T18:16:49","date_gmt":"2022-04-21T16:16:49","guid":{"rendered":"https:\/\/bildungsmanagement.net\/digilead-kursuebersicht\/"},"modified":"2024-06-19T13:07:05","modified_gmt":"2024-06-19T11:07:05","slug":"digilead-kursuebersicht","status":"publish","type":"page","link":"https:\/\/bildungsmanagement.net\/en\/digilead\/digilead-kursuebersicht\/","title":{"rendered":"Kurs\u00fcbersicht"},"content":{"rendered":"\t\t<div data-elementor-type=\"wp-page\" data-elementor-id=\"4874\" data-post-id=\"4874\" data-obj-id=\"4874\" class=\"elementor elementor-4874 dce-elementor-post-4874 elementor-3428\" data-elementor-post-type=\"page\">\n\t\t\t\t\t\t<section class=\"elementor-section elementor-top-section elementor-element elementor-element-ae53b7a elementor-section-boxed elementor-section-height-default elementor-section-height-default\" data-id=\"ae53b7a\" data-element_type=\"section\" data-e-type=\"section\">\n\t\t\t\t\t\t<div class=\"elementor-container elementor-column-gap-default\">\n\t\t\t\t\t<div class=\"elementor-column elementor-col-100 elementor-top-column elementor-element elementor-element-0dce93e\" data-id=\"0dce93e\" data-element_type=\"column\" data-e-type=\"column\">\n\t\t\t<div class=\"elementor-widget-wrap elementor-element-populated\">\n\t\t\t\t\t\t<div class=\"elementor-element elementor-element-d99b7a5 elementor-widget elementor-widget-heading\" data-id=\"d99b7a5\" data-element_type=\"widget\" data-e-type=\"widget\" data-widget_type=\"heading.default\">\n\t\t\t\t<div class=\"elementor-widget-container\">\n\t\t\t\t\t<h2 class=\"elementor-heading-title elementor-size-default\">DigiLead: Kurs\u00fcbersicht<\/h2>\t\t\t\t<\/div>\n\t\t\t\t<\/div>\n\t\t\t\t<div class=\"elementor-element elementor-element-460276d elementor-widget elementor-widget-heading\" data-id=\"460276d\" data-element_type=\"widget\" data-e-type=\"widget\" data-widget_type=\"heading.default\">\n\t\t\t\t<div class=\"elementor-widget-container\">\n\t\t\t\t\t<h3 class=\"elementor-heading-title elementor-size-default\">\u00dcbersicht \u00fcber Kurse und Vortr\u00e4ge von Prof. Dr. Stephan Huber<\/h3>\t\t\t\t<\/div>\n\t\t\t\t<\/div>\n\t\t\t\t<div class=\"elementor-element elementor-element-eb7d752 elementor-widget elementor-widget-text-editor\" data-id=\"eb7d752\" data-element_type=\"widget\" data-e-type=\"widget\" data-widget_type=\"text-editor.default\">\n\t\t\t\t<div class=\"elementor-widget-container\">\n\t\t\t\t\t\t\t\t\t<p><strong>Digitale Fortbildungsoffensive \u2013 Das Lernsystem f\u00fcr p\u00e4dagogische F\u00fchrungskr\u00e4fte<\/strong><br \/>Das Videotutorial\u00a0gibt teilnehmenden Schulleitungen und ihren Teams einen \u00dcberblick \u00fcber Ziele, Inhalte und Aufbau der Fortbildung.<\/p><p><strong>Schule und Bildung in der Digitalit\u00e4t gestalten \u2013 Zentrale Pr\u00e4missen, kritische Perspektiven, thematischer \u00dcberblick<\/strong><br \/>Im Vortrag im Rahmen des Online-Kurses \u201eSchule und Bildung in der Digitalit\u00e4t gestalten \u2013 Zentrale Pr\u00e4missen, kritische Perspektiven, thematischer \u00dcberblick\u201c werden zentrale Prinzipien, Empfehlungen und konzeptionelle Ideen f\u00fcr Schule und Bildung in der Digitalit\u00e4t vorgestellt. Zwei Praxis-Checks erm\u00f6glichen die Analyse der eigenen Schulsituation vor dem Hintergrund der Pr\u00e4missen. <a href=\"http:\/\/www.Bildungsmanagement.net\/DigiLead-Digitalit\u00e4t\">www.Bildungsmanagement.net\/DigiLead-Digitalit\u00e4t<\/a><\/p><p><strong>Schule und Bildung in der Digitalit\u00e4t gestalten \u2013 Perspektiven von Expertinnen und Experten<\/strong><br \/>In Experten-Interviews im Rahmen des Online-Kurses \u201eSchule und Bildung in der Digitalit\u00e4t gestalten \u2013 Perspektiven von Expertinnen und Experten\u201c zeigen Fachexpertinnen und -experten aus der Bildungspraxis und dem Unterst\u00fctzungssystem auf, wie digitaler Wandel und Bildung integrativ gedacht werden k\u00f6nnen. In den Blick genommen werden sowohl die Ebene der Einzelschule als Organisation und die Rolle von F\u00fchrung als auch die Ebene des Schulsystems. <a href=\"http:\/\/www.Bildungsmanagement.net\/DigiLead-Experteninterviews\">www.Bildungsmanagement.net\/DigiLead-Experteninterviews<\/a><\/p><p><strong>Schulleitung, Schulentwicklung und Digitalit\u00e4t &#8211; Responsible Leadership und BIO-Strategie<\/strong><br \/>Der Online-Kurs \u201eSchulleitung, Schulentwicklung und Digitalit\u00e4t \u2013 Responsible Leadership und BIO-Strategie\u201c widmet sich der Rolle der Schulleitung beim digitalen Wandel von Schule. Ein Vortrag zeigt das Spektrum der Handlungsbereiche und Steuerungsaufgaben von Schulleitung auf. Eingef\u00fchrt wird in die \u201eBIO-Strategie\u201c &#8211; Schulentwicklung in der Balance von Bewahren, Optimieren, Innovieren. Eine Transfer\u00fcbung unterst\u00fctzt dabei, diese Strategie unmittelbar f\u00fcr die Entwicklung der eigenen Schule anzuwenden. <a href=\"https:\/\/bildungsmanagement.net\/digilead\/digilead-schulleitung\/\">www.Bildungsmanagement.net\/DigiLead-Schulleitung<\/a><\/p><p><strong>Digitaler Wandel, Schule und Bildung \u2013 Praxisperspektiven Grundschule<\/strong><br \/>Das Video-Tutorial \u201ePraxisperspektive Grundschule\u201c bietet einen schulformbezogenen Einblick in die Praxis der Grundschule. In einem Interview werden reale Schulsituationen geschildert, die die Spezifika der Primarstufe illustrieren und deutlich machen, wie zentral es ist, dass jede Einzelschule ihre jeweiligen Rahmenbedingungen, Prozessmerkmale und intendierten Ergebnismerkmale ber\u00fccksichtigt. <u><a href=\"http:\/\/www.bildungsmanagement.net\/DigiLead-Praxispespektiven\">www.Bildungsmanagement.net\/DigiLead-Praxispespektiven<\/a><\/u><\/p><p><strong>Digitaler Wandel, Schule und Bildung \u2013 Praxisperspektiven Sekundarstufe I<\/strong><br \/>Das Video-Tutorial \u201ePraxisperspektive Sekundarstufe I\u201c bietet einen schulformbezogenen Einblick in die Praxis der Sekundarstufe I. In einem\u00a0Interview\u00a0werden reale Schulsituationen geschildert die die Spezifika der Sekundarstufe I illustrieren und deutlich machen, wie zentral es ist, dass jede Einzelschule ihre jeweiligen Rahmenbedingungen, Prozessmerkmale und intendierten Ergebnismerkmale ber\u00fccksichtigt <u><a href=\"http:\/\/www.bildungsmanagement.net\/DigiLead-Praxispespektiven\">www.Bildungsmanagement.net\/DigiLead-Praxispespektiven<\/a><\/u><\/p><p><strong>Digitaler Wandel, Schule und Bildung \u2013 Praxisperspektiven Sekundarstufe II<\/strong><br \/>Das Video-Tutorial \u201ePraxisperspektive Sekundarstufe II\u201c bietet einen schulformbezogenen Einblick in die Praxis der gymnasialen Oberstufe. In einem\u00a0Interview\u00a0werden reale Schulsituationen geschildert, die die Spezifika illustrieren und deutlich machen, wie zentral es ist, dass jede Einzelschule ihre jeweiligen Rahmenbedingungen, Prozessmerkmale und intendierten Ergebnismerkmale ber\u00fccksichtigt. <u><a href=\"http:\/\/www.bildungsmanagement.net\/DigiLead-Praxispespektiven\">www.Bildungsmanagement.net\/DigiLead-Praxispespektiven<\/a><\/u><\/p><p><strong>Digitaler Wandel, Schule und Bildung \u2013 Praxisperspektiven Berufskolleg<\/strong><br \/>Das Video-Tutorial \u201ePraxisperspektive Berufskolleg\u201c bietet einen schulformbezogenen Einblick in die Praxis der Schularten der beruflichen Bildung. In einem\u00a0Interview\u00a0werden reale Schulsituationen geschildert, die die Spezifika der Beruflichen Schulen illustrieren und deutlich machen, wie zentral es ist, dass jede Einzelschule ihre jeweiligen Rahmenbedingungen, Prozessmerkmale und intendierten Ergebnismerkmale ber\u00fccksichtigt.\u00a0<a href=\"http:\/\/www.bildungsmanagement.net\/DigiLead-Experteninterviews\">www.Bildungsmanagement.net\/DigiLead-Praxispespektiven<\/a><\/p><p><strong>Strategie, Konzepte und Impulse zur Digitalit\u00e4t, Schule und Bildung in NRW<\/strong><br \/>Im Online-Kurs \u201eStrategie, Konzepte und Impulse zur Digitalit\u00e4t, Schule und Bildung in NRW\u201c werden zentrale Papiere aus NRW sowie auf Bundes- und Europ\u00e4ischer Ebene als wichtige Referenzen f\u00fcr den digitalen Wandel und Schulqualit\u00e4t vorgestellt.<\/p>\t\t\t\t\t\t\t\t<\/div>\n\t\t\t\t<\/div>\n\t\t\t\t<div class=\"elementor-element elementor-element-fdf04a1 elementor-widget elementor-widget-heading\" data-id=\"fdf04a1\" data-element_type=\"widget\" data-e-type=\"widget\" data-widget_type=\"heading.default\">\n\t\t\t\t<div class=\"elementor-widget-container\">\n\t\t\t\t\t<h3 class=\"elementor-heading-title elementor-size-default\">Format \"Aus der Praxis f\u00fcr die Praxis\"<\/h3>\t\t\t\t<\/div>\n\t\t\t\t<\/div>\n\t\t\t\t<div class=\"elementor-element elementor-element-5e020f4 elementor-widget elementor-widget-text-editor\" data-id=\"5e020f4\" data-element_type=\"widget\" data-e-type=\"widget\" data-widget_type=\"text-editor.default\">\n\t\t\t\t<div class=\"elementor-widget-container\">\n\t\t\t\t\t\t\t\t\t<p style=\"font-weight: 400;\">Eine Mediothek mit konkreten Umsetzungsbeispielen aus der Praxis und f\u00fcr die Praxis zum digitalen Wandel entlang zentraler Handlungsfelder schulischer Arbeit (mit Kolleg*innen, Sch\u00fcler*innen, Eltern, der Schulaufsicht, Schultr\u00e4gern und sonstigen Partner*innen) steht Interessierten open access frei zur Verf\u00fcgung und soll f\u00fcr die eigene Arbeit inspirieren. In kurzen Videos pr\u00e4sentieren Lehrkr\u00e4fte und Schulleitende, welche Erfahrungen sie an ihrer Schule beim digitalen Wandel gemacht haben. <a href=\"http:\/\/www.bildungsmanagement.net\/ausundfuerdiepraxis\/\">www.Bildungsmanagement.net\/ausundfuerdiepraxis\/<\/a><\/p>\t\t\t\t\t\t\t\t<\/div>\n\t\t\t\t<\/div>\n\t\t\t\t<div class=\"elementor-element elementor-element-1eee215 elementor-widget elementor-widget-heading\" data-id=\"1eee215\" data-element_type=\"widget\" data-e-type=\"widget\" data-widget_type=\"heading.default\">\n\t\t\t\t<div class=\"elementor-widget-container\">\n\t\t\t\t\t<h4 class=\"elementor-heading-title elementor-size-default\">Literatur<\/h4>\t\t\t\t<\/div>\n\t\t\t\t<\/div>\n\t\t\t\t<div class=\"elementor-element elementor-element-888f793 elementor-widget elementor-widget-text-editor\" data-id=\"888f793\" data-element_type=\"widget\" data-e-type=\"widget\" data-widget_type=\"text-editor.default\">\n\t\t\t\t<div class=\"elementor-widget-container\">\n\t\t\t\t\t\t\t\t\t<p><strong>Schule in der Digitalit\u00e4t gestalten<\/strong><br \/>Der Aufsatz geht der Frage nach, wie Schule in Zeiten des digitalen Wandels zu gestalten ist. Einf\u00fchrend wird die Corona-Pandemie als Booster digitalen Wandels beschrieben. Grundlegende Perspektiven werden pr\u00e4sentiert und die Rolle von Schulleitungen und Kollegien im Umgang mit dem digitalen Wandel im Rahmen der Schulentwicklung skizziert. Mit dem Handlungsmodell Schulgestaltung wird eine theoretische Rahmung von Bildung, Lernen und Schulgestaltung mit Digitalit\u00e4t vorgenommen. Es werden Pr\u00e4missen, Empfehlungen, konzeptionelle Ideen und M\u00f6glichkeiten und das thematische Spektrum aufgezeigt, beides f\u00fcr einen Praxis-Check und im Handlungsmodell Schulgestaltung verankert. Im Anschluss werden digitaler Wandel, Schule und Bildung nach Erfahrungsgrad und Schulform differenziert. Der Beitrag schlie\u00dft mit einem Fazit, auch in Sachen Digitalisierung das Richtige richtig zu tun, schrittweise und in einer Balance von Bewahren, Innovieren und Optimieren. <a href=\"https:\/\/bildungsmanagement.net\/publikationen\/schule-in-der-digitalitaet-gestalten\/\">www.bildungsmanagement.net\/publikationen\/schule-in-der-digitalitaet-gestalten\/<\/a><\/p><p style=\"font-weight: 400;\"><a href=\"https:\/\/bildungsmanagement.net\/publikationen\/\"><strong>Weitere aktuelle Literatur zum Thema Digitalit\u00e4t, Schule und Bildung<\/strong><\/a><\/p>\t\t\t\t\t\t\t\t<\/div>\n\t\t\t\t<\/div>\n\t\t\t\t\t<\/div>\n\t\t<\/div>\n\t\t\t\t\t<\/div>\n\t\t<\/section>\n\t\t\t\t<section class=\"elementor-section elementor-top-section elementor-element elementor-element-c086846 elementor-section-boxed elementor-section-height-default elementor-section-height-default\" data-id=\"c086846\" data-element_type=\"section\" data-e-type=\"section\">\n\t\t\t\t\t\t<div class=\"elementor-container elementor-column-gap-default\">\n\t\t\t\t\t<div class=\"elementor-column elementor-col-50 elementor-top-column elementor-element elementor-element-7a53fe7\" data-id=\"7a53fe7\" data-element_type=\"column\" data-e-type=\"column\">\n\t\t\t<div class=\"elementor-widget-wrap elementor-element-populated\">\n\t\t\t\t\t\t<div class=\"elementor-element elementor-element-ce87f51 elementor-widget elementor-widget-heading\" data-id=\"ce87f51\" data-element_type=\"widget\" data-e-type=\"widget\" data-widget_type=\"heading.default\">\n\t\t\t\t<div class=\"elementor-widget-container\">\n\t\t\t\t\t<h4 class=\"elementor-heading-title elementor-size-default\">Hauptvortrag \u201eSchule in der Digitalit\u00e4t gestalten\u201c zum Kick-Off der DFO<\/h4>\t\t\t\t<\/div>\n\t\t\t\t<\/div>\n\t\t\t\t<div class=\"elementor-element elementor-element-3c1bffd dce_masking-none elementor-widget elementor-widget-video\" data-id=\"3c1bffd\" data-element_type=\"widget\" data-e-type=\"widget\" data-settings=\"{&quot;youtube_url&quot;:&quot;https:\\\/\\\/www.youtube.com\\\/watch?v=cGWjR0BTEOo&quot;,&quot;video_type&quot;:&quot;youtube&quot;,&quot;controls&quot;:&quot;yes&quot;}\" data-widget_type=\"video.default\">\n\t\t\t\t<div class=\"elementor-widget-container\">\n\t\t\t\t\t\t\t<div class=\"elementor-wrapper elementor-open-inline\">\n\t\t\t<div class=\"elementor-video\"><\/div>\t\t<\/div>\n\t\t\t\t\t\t<\/div>\n\t\t\t\t<\/div>\n\t\t\t\t\t<\/div>\n\t\t<\/div>\n\t\t\t\t<div class=\"elementor-column elementor-col-50 elementor-top-column elementor-element elementor-element-52459e0\" data-id=\"52459e0\" data-element_type=\"column\" data-e-type=\"column\">\n\t\t\t<div class=\"elementor-widget-wrap elementor-element-populated\">\n\t\t\t\t\t\t<div class=\"elementor-element elementor-element-c17b903 dce_masking-none elementor-widget elementor-widget-video\" data-id=\"c17b903\" data-element_type=\"widget\" data-e-type=\"widget\" data-settings=\"{&quot;youtube_url&quot;:&quot;https:\\\/\\\/youtu.be\\\/dYAv9_v9jeE&quot;,&quot;video_type&quot;:&quot;youtube&quot;,&quot;controls&quot;:&quot;yes&quot;}\" data-widget_type=\"video.default\">\n\t\t\t\t<div class=\"elementor-widget-container\">\n\t\t\t\t\t\t\t<div class=\"elementor-wrapper elementor-open-inline\">\n\t\t\t<div class=\"elementor-video\"><\/div>\t\t<\/div>\n\t\t\t\t\t\t<\/div>\n\t\t\t\t<\/div>\n\t\t\t\t\t<\/div>\n\t\t<\/div>\n\t\t\t\t\t<\/div>\n\t\t<\/section>\n\t\t\t\t<section class=\"elementor-section elementor-top-section elementor-element elementor-element-05edca5 elementor-section-boxed elementor-section-height-default elementor-section-height-default\" data-id=\"05edca5\" data-element_type=\"section\" data-e-type=\"section\">\n\t\t\t\t\t\t<div class=\"elementor-container elementor-column-gap-default\">\n\t\t\t\t\t<div class=\"elementor-column elementor-col-50 elementor-top-column elementor-element elementor-element-40968bc\" data-id=\"40968bc\" data-element_type=\"column\" data-e-type=\"column\">\n\t\t\t<div class=\"elementor-widget-wrap elementor-element-populated\">\n\t\t\t\t\t\t<div class=\"elementor-element elementor-element-e499428 elementor-widget elementor-widget-heading\" data-id=\"e499428\" data-element_type=\"widget\" data-e-type=\"widget\" data-widget_type=\"heading.default\">\n\t\t\t\t<div class=\"elementor-widget-container\">\n\t\t\t\t\t<h4 class=\"elementor-heading-title elementor-size-default\">Hauptvortrag \u201e\u201912 plus\u2018 Impulse zu digitalem Wandel, Schule und Bildung\u201c beim 4. Live-Event der DFO<\/h4>\t\t\t\t<\/div>\n\t\t\t\t<\/div>\n\t\t\t\t<div class=\"elementor-element elementor-element-76d78fe dce_masking-none elementor-widget elementor-widget-video\" data-id=\"76d78fe\" data-element_type=\"widget\" data-e-type=\"widget\" data-settings=\"{&quot;youtube_url&quot;:&quot;https:\\\/\\\/www.youtube.com\\\/watch?v=K_vXNsDlS08&quot;,&quot;video_type&quot;:&quot;youtube&quot;,&quot;controls&quot;:&quot;yes&quot;}\" data-widget_type=\"video.default\">\n\t\t\t\t<div class=\"elementor-widget-container\">\n\t\t\t\t\t\t\t<div class=\"elementor-wrapper elementor-open-inline\">\n\t\t\t<div class=\"elementor-video\"><\/div>\t\t<\/div>\n\t\t\t\t\t\t<\/div>\n\t\t\t\t<\/div>\n\t\t\t\t\t<\/div>\n\t\t<\/div>\n\t\t\t\t<div class=\"elementor-column elementor-col-50 elementor-top-column elementor-element elementor-element-c280f77\" data-id=\"c280f77\" data-element_type=\"column\" data-e-type=\"column\">\n\t\t\t<div class=\"elementor-widget-wrap\">\n\t\t\t\t\t\t\t<\/div>\n\t\t<\/div>\n\t\t\t\t\t<\/div>\n\t\t<\/section>\n\t\t\t\t<section class=\"elementor-section elementor-top-section elementor-element elementor-element-b446b70 elementor-section-boxed elementor-section-height-default elementor-section-height-default\" data-id=\"b446b70\" data-element_type=\"section\" data-e-type=\"section\">\n\t\t\t\t\t\t<div class=\"elementor-container elementor-column-gap-default\">\n\t\t\t\t\t<div class=\"elementor-column elementor-col-50 elementor-top-column elementor-element elementor-element-e3e069c\" data-id=\"e3e069c\" data-element_type=\"column\" data-e-type=\"column\">\n\t\t\t<div class=\"elementor-widget-wrap elementor-element-populated\">\n\t\t\t\t\t\t<div class=\"elementor-element elementor-element-aa5d9d3 elementor-widget elementor-widget-heading\" data-id=\"aa5d9d3\" data-element_type=\"widget\" data-e-type=\"widget\" data-widget_type=\"heading.default\">\n\t\t\t\t<div class=\"elementor-widget-container\">\n\t\t\t\t\t<h4 class=\"elementor-heading-title elementor-size-default\">Schule und Bildung in der Digitalit\u00e4t gestalten<\/h4>\t\t\t\t<\/div>\n\t\t\t\t<\/div>\n\t\t\t\t<div class=\"elementor-element elementor-element-17d640c dce_masking-none elementor-widget elementor-widget-video\" data-id=\"17d640c\" data-element_type=\"widget\" data-e-type=\"widget\" data-settings=\"{&quot;youtube_url&quot;:&quot;https:\\\/\\\/www.youtube.com\\\/watch?v=MqxZXklkL6U&quot;,&quot;video_type&quot;:&quot;youtube&quot;,&quot;controls&quot;:&quot;yes&quot;}\" data-widget_type=\"video.default\">\n\t\t\t\t<div class=\"elementor-widget-container\">\n\t\t\t\t\t\t\t<div class=\"elementor-wrapper elementor-open-inline\">\n\t\t\t<div class=\"elementor-video\"><\/div>\t\t<\/div>\n\t\t\t\t\t\t<\/div>\n\t\t\t\t<\/div>\n\t\t\t\t\t<\/div>\n\t\t<\/div>\n\t\t\t\t<div class=\"elementor-column elementor-col-50 elementor-top-column elementor-element elementor-element-106c10a\" data-id=\"106c10a\" data-element_type=\"column\" data-e-type=\"column\">\n\t\t\t<div class=\"elementor-widget-wrap elementor-element-populated\">\n\t\t\t\t\t\t<div class=\"elementor-element elementor-element-7643dc8 elementor-widget elementor-widget-heading\" data-id=\"7643dc8\" data-element_type=\"widget\" data-e-type=\"widget\" data-widget_type=\"heading.default\">\n\t\t\t\t<div class=\"elementor-widget-container\">\n\t\t\t\t\t<h4 class=\"elementor-heading-title elementor-size-default\">Schulleitung, Schulentwicklung und Digitalit\u00e4t <\/h4>\t\t\t\t<\/div>\n\t\t\t\t<\/div>\n\t\t\t\t<div class=\"elementor-element elementor-element-8fa9f0e dce_masking-none elementor-widget elementor-widget-video\" data-id=\"8fa9f0e\" data-element_type=\"widget\" data-e-type=\"widget\" data-settings=\"{&quot;youtube_url&quot;:&quot;https:\\\/\\\/www.youtube.com\\\/watch?v=dYDegQWpWzE&quot;,&quot;video_type&quot;:&quot;youtube&quot;,&quot;controls&quot;:&quot;yes&quot;}\" data-widget_type=\"video.default\">\n\t\t\t\t<div class=\"elementor-widget-container\">\n\t\t\t\t\t\t\t<div class=\"elementor-wrapper elementor-open-inline\">\n\t\t\t<div class=\"elementor-video\"><\/div>\t\t<\/div>\n\t\t\t\t\t\t<\/div>\n\t\t\t\t<\/div>\n\t\t\t\t\t<\/div>\n\t\t<\/div>\n\t\t\t\t\t<\/div>\n\t\t<\/section>\n\t\t\t\t<\/div>\n\t\t","protected":false},"excerpt":{"rendered":"<p>DigiLead: Kurs\u00fcbersicht \u00dcbersicht \u00fcber Kurse und Vortr\u00e4ge von Prof. Dr. Stephan Huber Digitale Fortbildungsoffensive \u2013 Das Lernsystem f\u00fcr p\u00e4dagogische F\u00fchrungskr\u00e4fteDas Videotutorial\u00a0gibt teilnehmenden Schulleitungen und ihren Teams einen \u00dcberblick \u00fcber Ziele, Inhalte und Aufbau der Fortbildung. Schule und Bildung in der Digitalit\u00e4t gestalten \u2013 Zentrale Pr\u00e4missen, kritische Perspektiven, thematischer \u00dcberblickIm Vortrag im Rahmen des Online-Kurses \u201eSchule [&hellip;]<\/p>\n","protected":false},"author":1,"featured_media":0,"parent":4875,"menu_order":0,"comment_status":"closed","ping_status":"closed","template":"","meta":{"footnotes":""},"class_list":["post-4874","page","type-page","status-publish","hentry"],"yoast_head":"<!-- This site is optimized with the Yoast SEO plugin v27.1.1 - https:\/\/yoast.com\/product\/yoast-seo-wordpress\/ -->\n<title>Kurs\u00fcbersicht - Education Management<\/title>\n<meta name=\"robots\" content=\"index, follow, max-snippet:-1, max-image-preview:large, max-video-preview:-1\" \/>\n<link rel=\"canonical\" href=\"https:\/\/bildungsmanagement.net\/en\/digilead\/digilead-kursuebersicht\/\" \/>\n<meta property=\"og:locale\" content=\"en_US\" \/>\n<meta property=\"og:type\" content=\"article\" \/>\n<meta property=\"og:title\" content=\"Kurs\u00fcbersicht - Education Management\" \/>\n<meta property=\"og:description\" content=\"DigiLead: Kurs\u00fcbersicht \u00dcbersicht \u00fcber Kurse und Vortr\u00e4ge von Prof. Dr. Stephan Huber Digitale Fortbildungsoffensive \u2013 Das Lernsystem f\u00fcr p\u00e4dagogische F\u00fchrungskr\u00e4fteDas Videotutorial\u00a0gibt teilnehmenden Schulleitungen und ihren Teams einen \u00dcberblick \u00fcber Ziele, Inhalte und Aufbau der Fortbildung. Schule und Bildung in der Digitalit\u00e4t gestalten \u2013 Zentrale Pr\u00e4missen, kritische Perspektiven, thematischer \u00dcberblickIm Vortrag im Rahmen des Online-Kurses \u201eSchule [&hellip;]\" \/>\n<meta property=\"og:url\" content=\"https:\/\/bildungsmanagement.net\/en\/digilead\/digilead-kursuebersicht\/\" \/>\n<meta property=\"og:site_name\" content=\"Education Management\" \/>\n<meta property=\"article:modified_time\" content=\"2024-06-19T11:07:05+00:00\" \/>\n<meta name=\"twitter:card\" content=\"summary_large_image\" \/>\n<meta name=\"twitter:label1\" content=\"Est. reading time\" \/>\n\t<meta name=\"twitter:data1\" content=\"4 minutes\" \/>\n<script type=\"application\/ld+json\" class=\"yoast-schema-graph\">{\"@context\":\"https:\/\/schema.org\",\"@graph\":[{\"@type\":\"WebPage\",\"@id\":\"https:\/\/bildungsmanagement.net\/en\/digilead\/digilead-kursuebersicht\/\",\"url\":\"https:\/\/bildungsmanagement.net\/en\/digilead\/digilead-kursuebersicht\/\",\"name\":\"Kurs\u00fcbersicht - Education Management\",\"isPartOf\":{\"@id\":\"https:\/\/bildungsmanagement.net\/en\/#website\"},\"datePublished\":\"2022-04-21T16:16:49+00:00\",\"dateModified\":\"2024-06-19T11:07:05+00:00\",\"breadcrumb\":{\"@id\":\"https:\/\/bildungsmanagement.net\/en\/digilead\/digilead-kursuebersicht\/#breadcrumb\"},\"inLanguage\":\"en-US\",\"potentialAction\":[{\"@type\":\"ReadAction\",\"target\":[\"https:\/\/bildungsmanagement.net\/en\/digilead\/digilead-kursuebersicht\/\"]}]},{\"@type\":\"BreadcrumbList\",\"@id\":\"https:\/\/bildungsmanagement.net\/en\/digilead\/digilead-kursuebersicht\/#breadcrumb\",\"itemListElement\":[{\"@type\":\"ListItem\",\"position\":1,\"name\":\"Startseite\",\"item\":\"https:\/\/bildungsmanagement.net\/en\/\"},{\"@type\":\"ListItem\",\"position\":2,\"name\":\"DigiLead\",\"item\":\"https:\/\/bildungsmanagement.net\/en\/digilead\/\"},{\"@type\":\"ListItem\",\"position\":3,\"name\":\"Kurs\u00fcbersicht\"}]},{\"@type\":\"WebSite\",\"@id\":\"https:\/\/bildungsmanagement.net\/en\/#website\",\"url\":\"https:\/\/bildungsmanagement.net\/en\/\",\"name\":\"Education Management\",\"description\":\"\",\"potentialAction\":[{\"@type\":\"SearchAction\",\"target\":{\"@type\":\"EntryPoint\",\"urlTemplate\":\"https:\/\/bildungsmanagement.net\/en\/?s={search_term_string}\"},\"query-input\":{\"@type\":\"PropertyValueSpecification\",\"valueRequired\":true,\"valueName\":\"search_term_string\"}}],\"inLanguage\":\"en-US\"}]}<\/script>\n<!-- \/ Yoast SEO plugin. -->","yoast_head_json":{"title":"Kurs\u00fcbersicht - Education Management","robots":{"index":"index","follow":"follow","max-snippet":"max-snippet:-1","max-image-preview":"max-image-preview:large","max-video-preview":"max-video-preview:-1"},"canonical":"https:\/\/bildungsmanagement.net\/en\/digilead\/digilead-kursuebersicht\/","og_locale":"en_US","og_type":"article","og_title":"Kurs\u00fcbersicht - Education Management","og_description":"DigiLead: Kurs\u00fcbersicht \u00dcbersicht \u00fcber Kurse und Vortr\u00e4ge von Prof. Dr. Stephan Huber Digitale Fortbildungsoffensive \u2013 Das Lernsystem f\u00fcr p\u00e4dagogische F\u00fchrungskr\u00e4fteDas Videotutorial\u00a0gibt teilnehmenden Schulleitungen und ihren Teams einen \u00dcberblick \u00fcber Ziele, Inhalte und Aufbau der Fortbildung. Schule und Bildung in der Digitalit\u00e4t gestalten \u2013 Zentrale Pr\u00e4missen, kritische Perspektiven, thematischer \u00dcberblickIm Vortrag im Rahmen des Online-Kurses \u201eSchule [&hellip;]","og_url":"https:\/\/bildungsmanagement.net\/en\/digilead\/digilead-kursuebersicht\/","og_site_name":"Education Management","article_modified_time":"2024-06-19T11:07:05+00:00","twitter_card":"summary_large_image","twitter_misc":{"Est. reading time":"4 minutes"},"schema":{"@context":"https:\/\/schema.org","@graph":[{"@type":"WebPage","@id":"https:\/\/bildungsmanagement.net\/en\/digilead\/digilead-kursuebersicht\/","url":"https:\/\/bildungsmanagement.net\/en\/digilead\/digilead-kursuebersicht\/","name":"Kurs\u00fcbersicht - Education Management","isPartOf":{"@id":"https:\/\/bildungsmanagement.net\/en\/#website"},"datePublished":"2022-04-21T16:16:49+00:00","dateModified":"2024-06-19T11:07:05+00:00","breadcrumb":{"@id":"https:\/\/bildungsmanagement.net\/en\/digilead\/digilead-kursuebersicht\/#breadcrumb"},"inLanguage":"en-US","potentialAction":[{"@type":"ReadAction","target":["https:\/\/bildungsmanagement.net\/en\/digilead\/digilead-kursuebersicht\/"]}]},{"@type":"BreadcrumbList","@id":"https:\/\/bildungsmanagement.net\/en\/digilead\/digilead-kursuebersicht\/#breadcrumb","itemListElement":[{"@type":"ListItem","position":1,"name":"Startseite","item":"https:\/\/bildungsmanagement.net\/en\/"},{"@type":"ListItem","position":2,"name":"DigiLead","item":"https:\/\/bildungsmanagement.net\/en\/digilead\/"},{"@type":"ListItem","position":3,"name":"Kurs\u00fcbersicht"}]},{"@type":"WebSite","@id":"https:\/\/bildungsmanagement.net\/en\/#website","url":"https:\/\/bildungsmanagement.net\/en\/","name":"Education Management","description":"","potentialAction":[{"@type":"SearchAction","target":{"@type":"EntryPoint","urlTemplate":"https:\/\/bildungsmanagement.net\/en\/?s={search_term_string}"},"query-input":{"@type":"PropertyValueSpecification","valueRequired":true,"valueName":"search_term_string"}}],"inLanguage":"en-US"}]}},"_links":{"self":[{"href":"https:\/\/bildungsmanagement.net\/en\/wp-json\/wp\/v2\/pages\/4874","targetHints":{"allow":["GET"]}}],"collection":[{"href":"https:\/\/bildungsmanagement.net\/en\/wp-json\/wp\/v2\/pages"}],"about":[{"href":"https:\/\/bildungsmanagement.net\/en\/wp-json\/wp\/v2\/types\/page"}],"author":[{"embeddable":true,"href":"https:\/\/bildungsmanagement.net\/en\/wp-json\/wp\/v2\/users\/1"}],"replies":[{"embeddable":true,"href":"https:\/\/bildungsmanagement.net\/en\/wp-json\/wp\/v2\/comments?post=4874"}],"version-history":[{"count":18,"href":"https:\/\/bildungsmanagement.net\/en\/wp-json\/wp\/v2\/pages\/4874\/revisions"}],"predecessor-version":[{"id":9293,"href":"https:\/\/bildungsmanagement.net\/en\/wp-json\/wp\/v2\/pages\/4874\/revisions\/9293"}],"up":[{"embeddable":true,"href":"https:\/\/bildungsmanagement.net\/en\/wp-json\/wp\/v2\/pages\/4875"}],"wp:attachment":[{"href":"https:\/\/bildungsmanagement.net\/en\/wp-json\/wp\/v2\/media?parent=4874"}],"curies":[{"name":"wp","href":"https:\/\/api.w.org\/{rel}","templated":true}]}}