{"id":4884,"date":"2021-08-05T15:49:23","date_gmt":"2021-08-05T13:49:23","guid":{"rendered":"https:\/\/bildungsmanagement.net\/infoemail\/"},"modified":"2024-06-04T09:47:39","modified_gmt":"2024-06-04T07:47:39","slug":"infoemail","status":"publish","type":"page","link":"https:\/\/bildungsmanagement.net\/en\/infoemail\/","title":{"rendered":"Info-Emails"},"content":{"rendered":"\t\t<div data-elementor-type=\"wp-page\" data-elementor-id=\"4884\" data-post-id=\"4884\" data-obj-id=\"4884\" class=\"elementor elementor-4884 dce-elementor-post-4884 elementor-2148\" data-elementor-post-type=\"page\">\n\t\t\t\t\t\t<section class=\"elementor-section elementor-top-section elementor-element elementor-element-c64a13c elementor-section-boxed elementor-section-height-default elementor-section-height-default\" data-id=\"c64a13c\" data-element_type=\"section\" data-e-type=\"section\">\n\t\t\t\t\t\t<div class=\"elementor-container elementor-column-gap-default\">\n\t\t\t\t\t<div class=\"elementor-column elementor-col-100 elementor-top-column elementor-element elementor-element-66f16e2\" data-id=\"66f16e2\" data-element_type=\"column\" data-e-type=\"column\">\n\t\t\t<div class=\"elementor-widget-wrap elementor-element-populated\">\n\t\t\t\t\t\t<div class=\"elementor-element elementor-element-ce602d2 elementor-widget elementor-widget-heading\" data-id=\"ce602d2\" data-element_type=\"widget\" data-e-type=\"widget\" data-widget_type=\"heading.default\">\n\t\t\t\t<div class=\"elementor-widget-container\">\n\t\t\t\t\t<h1 class=\"elementor-heading-title elementor-size-default\">Info-Emails<\/h1>\t\t\t\t<\/div>\n\t\t\t\t<\/div>\n\t\t\t\t<div class=\"elementor-element elementor-element-5ed73ce elementor-widget elementor-widget-text-editor\" data-id=\"5ed73ce\" data-element_type=\"widget\" data-e-type=\"widget\" data-widget_type=\"text-editor.default\">\n\t\t\t\t<div class=\"elementor-widget-container\">\n\t\t\t\t\t\t\t\t\t<p>On this page, current information from the IBB is listed chronologically. To retrieve information from previous years, please open the respective tab.<\/p><ul><li><a href=\"http:\/\/news.wels.edulead.net\/f\/188130-255494\/\">Here<\/a> you can subscribe to the IBB-Info-Email.<\/li><li><a href=\"http:\/\/news.wels.edulead.net\/f\/188130-193450\/\">Here<\/a> you can subscribe to the WELS-Info-Email.<\/li><\/ul>\t\t\t\t\t\t\t\t<\/div>\n\t\t\t\t<\/div>\n\t\t\t\t<div class=\"elementor-element elementor-element-6ab384c elementor-tabs-view-horizontal elementor-widget elementor-widget-tabs\" data-id=\"6ab384c\" data-element_type=\"widget\" data-e-type=\"widget\" data-widget_type=\"tabs.default\">\n\t\t\t\t<div class=\"elementor-widget-container\">\n\t\t\t\t\t\t\t<div class=\"elementor-tabs\">\n\t\t\t<div class=\"elementor-tabs-wrapper\" role=\"tablist\" >\n\t\t\t\t\t\t\t\t\t<div id=\"elementor-tab-title-1111\" class=\"elementor-tab-title elementor-tab-desktop-title\" aria-selected=\"true\" data-tab=\"1\" role=\"tab\" tabindex=\"0\" aria-controls=\"elementor-tab-content-1111\" aria-expanded=\"false\">2024<\/div>\n\t\t\t\t\t\t\t\t\t<div id=\"elementor-tab-title-1112\" class=\"elementor-tab-title elementor-tab-desktop-title\" aria-selected=\"false\" data-tab=\"2\" role=\"tab\" tabindex=\"-1\" aria-controls=\"elementor-tab-content-1112\" aria-expanded=\"false\">2023<\/div>\n\t\t\t\t\t\t\t\t\t<div id=\"elementor-tab-title-1113\" class=\"elementor-tab-title elementor-tab-desktop-title\" aria-selected=\"false\" data-tab=\"3\" role=\"tab\" tabindex=\"-1\" aria-controls=\"elementor-tab-content-1113\" aria-expanded=\"false\">2022<\/div>\n\t\t\t\t\t\t\t\t\t<div id=\"elementor-tab-title-1114\" class=\"elementor-tab-title elementor-tab-desktop-title\" aria-selected=\"false\" data-tab=\"4\" role=\"tab\" tabindex=\"-1\" aria-controls=\"elementor-tab-content-1114\" aria-expanded=\"false\">2021<\/div>\n\t\t\t\t\t\t\t\t\t<div id=\"elementor-tab-title-1115\" class=\"elementor-tab-title elementor-tab-desktop-title\" aria-selected=\"false\" data-tab=\"5\" role=\"tab\" tabindex=\"-1\" aria-controls=\"elementor-tab-content-1115\" aria-expanded=\"false\">2020<\/div>\n\t\t\t\t\t\t\t\t\t<div id=\"elementor-tab-title-1116\" class=\"elementor-tab-title elementor-tab-desktop-title\" aria-selected=\"false\" data-tab=\"6\" role=\"tab\" tabindex=\"-1\" aria-controls=\"elementor-tab-content-1116\" aria-expanded=\"false\">2019<\/div>\n\t\t\t\t\t\t\t\t\t<div id=\"elementor-tab-title-1117\" class=\"elementor-tab-title elementor-tab-desktop-title\" aria-selected=\"false\" data-tab=\"7\" role=\"tab\" tabindex=\"-1\" aria-controls=\"elementor-tab-content-1117\" aria-expanded=\"false\">2018<\/div>\n\t\t\t\t\t\t\t\t\t<div id=\"elementor-tab-title-1118\" class=\"elementor-tab-title elementor-tab-desktop-title\" aria-selected=\"false\" data-tab=\"8\" role=\"tab\" tabindex=\"-1\" aria-controls=\"elementor-tab-content-1118\" aria-expanded=\"false\">2017<\/div>\n\t\t\t\t\t\t\t\t\t<div id=\"elementor-tab-title-1119\" class=\"elementor-tab-title elementor-tab-desktop-title\" aria-selected=\"false\" data-tab=\"9\" role=\"tab\" tabindex=\"-1\" aria-controls=\"elementor-tab-content-1119\" aria-expanded=\"false\">2016<\/div>\n\t\t\t\t\t\t\t\t\t<div id=\"elementor-tab-title-11110\" class=\"elementor-tab-title elementor-tab-desktop-title\" aria-selected=\"false\" data-tab=\"10\" role=\"tab\" tabindex=\"-1\" aria-controls=\"elementor-tab-content-11110\" aria-expanded=\"false\">2015<\/div>\n\t\t\t\t\t\t\t\t\t<div id=\"elementor-tab-title-11111\" class=\"elementor-tab-title elementor-tab-desktop-title\" aria-selected=\"false\" data-tab=\"11\" role=\"tab\" tabindex=\"-1\" aria-controls=\"elementor-tab-content-11111\" aria-expanded=\"false\">2014<\/div>\n\t\t\t\t\t\t\t<\/div>\n\t\t\t<div class=\"elementor-tabs-content-wrapper\" role=\"tablist\" aria-orientation=\"vertical\">\n\t\t\t\t\t\t\t\t\t<div class=\"elementor-tab-title elementor-tab-mobile-title\" aria-selected=\"true\" data-tab=\"1\" role=\"tab\" tabindex=\"0\" aria-controls=\"elementor-tab-content-1111\" aria-expanded=\"false\">2024<\/div>\n\t\t\t\t\t<div id=\"elementor-tab-content-1111\" class=\"elementor-tab-content elementor-clearfix\" data-tab=\"1\" role=\"tabpanel\" aria-labelledby=\"elementor-tab-title-1111\" tabindex=\"0\" hidden=\"false\"><p><strong>June<\/strong><\/p><ul><li><a href=\"https:\/\/bildungsmanagement.net\/wp-content\/uploads\/sites\/4\/2024\/06\/WELS-ONLINE-CONFERENCE-2024-Info-Email-Save-the-date-EN.pdf\">WELS-Info-Email Save the date<\/a><\/li><\/ul><p>\u00a0<\/p><p><strong>March<\/strong><\/p><ul style=\"font-weight: 400\"><li><a href=\"https:\/\/bildungsmanagement.net\/wp-content\/uploads\/sites\/4\/2024\/03\/Info-Email-March-2024-StudiesOnSchoolLeadershipAndSchoolDevelopmentPublicationsRosenbuschEtc-24-03-19.pdf\">Info-Email: Aktuelle Informationen<\/a><\/li><\/ul><\/div>\n\t\t\t\t\t\t\t\t\t<div class=\"elementor-tab-title elementor-tab-mobile-title\" aria-selected=\"false\" data-tab=\"2\" role=\"tab\" tabindex=\"-1\" aria-controls=\"elementor-tab-content-1112\" aria-expanded=\"false\">2023<\/div>\n\t\t\t\t\t<div id=\"elementor-tab-content-1112\" class=\"elementor-tab-content elementor-clearfix\" data-tab=\"2\" role=\"tabpanel\" aria-labelledby=\"elementor-tab-title-1112\" tabindex=\"0\" hidden=\"hidden\"><p><strong>December<\/strong><\/p><ul style=\"font-weight: 400\"><li style=\"font-weight: 400\"><a href=\"https:\/\/bildungsmanagement.net\/wp-content\/uploads\/sites\/4\/2024\/02\/Final-Call-for-two-International-Handbooks-EN.pdf\">IBB-Info-Email: Call for 2 International Handbooks (EN)<\/a><\/li><li style=\"font-weight: 400\"><a href=\"https:\/\/bildungsmanagement.net\/wp-content\/uploads\/sites\/4\/2024\/02\/IBB-Info-Email-December-2023.pdf\">IBB-Info-Email: Farewell, focus of our work, Publications, WERA 2024<\/a><\/li><li style=\"font-weight: 400\"><a href=\"https:\/\/bildungsmanagement.net\/wp-content\/uploads\/sites\/4\/2024\/02\/IBB-Info-Email-December-2023-new-email-addresses.pdf\">IBB-Info-Email: New e-mail address<\/a><\/li><\/ul><p><strong>September<\/strong><\/p><ul><li><a href=\"https:\/\/bildungsmanagement.net\/wp-content\/uploads\/sites\/4\/2023\/09\/WELSfocusONLINE-Prof.-Huber-Info-Email-23-09-25.pdf\">WELS-Info-Email zum Bildungs- und Schulleitungssymposium WELS<em>focus<\/em> 2023: Anmeldung noch m\u00f6glich<\/a><\/li><\/ul><p><strong>August<\/strong><\/p><ul><li><a href=\"https:\/\/bildungsmanagement.net\/wp-content\/uploads\/sites\/4\/2023\/09\/WELS-ONLINE-CONFERENCE-2023-Info-Email-Prof.-Dr.-Stephan-Huber_-WELSfocus-28.-September-2023-23-08-31.pdf\">WELS-Info-Email zum Bildungs- und Schulleitungssymposium WELS<em>focus<\/em> 2023: Jetzt anmelden<\/a><\/li><\/ul><p><strong>July<\/strong><\/p><ul><li><a href=\"https:\/\/bildungsmanagement.net\/wp-content\/uploads\/sites\/4\/2023\/09\/WELS-ONLINE-CONFERENCE-2023-Info-Email-Prof.-Dr.-Stephan-Huber_-WELSfocus-28.-September-2023-23-07-24.pdf\">WELS-Info-Email zum Bildungs- und Schulleitungssymposium WELS<em>focus<\/em> 2023: Herausforderungen in Schule und Bildung<\/a><\/li><li><a href=\"https:\/\/bildungsmanagement.net\/wp-content\/uploads\/sites\/4\/2023\/09\/IBB-Info-Email-DE-23-07-10.pdf\">IBB-Info-Email: Aktuelle Informationen aus dem IBB der PH Zug<\/a><\/li><\/ul><p><strong>June<\/strong><\/p><ul><li><a href=\"https:\/\/bildungsmanagement.net\/wp-content\/uploads\/sites\/4\/2023\/07\/IBB-Info-Email-23-06-10.pdf\">IBB-Info-Email: Aktuelle Informationen<\/a><\/li><\/ul><p><strong>March<\/strong><\/p><ul style=\"font-weight: 400\"><li><a href=\"https:\/\/bildungsmanagement.net\/wp-content\/uploads\/sites\/4\/2023\/07\/WELS-ONLINE-CONFERENCE-2023-Info-Email-Prof.-Dr.-Stephan-Huber_-Morgen-ist-es-so-weit_-WELSfocus-15.-Maerz-2023-Schulischer-Personalmangel.pdf\">WELS-Info-Email 3 zum Bildungs- und Schulleitungssymposium WELSfocus 2023: Morgen ist es so weit\u00a0<\/a><\/li><li><a href=\"https:\/\/bildungsmanagement.net\/wp-content\/uploads\/sites\/4\/2023\/07\/WELS-ONLINE-CONFERENCE-2023-Info-Email-Prof.-Dr.-Stephan-Huber_-WELSfocus-15.-Maerz-2023-Schulischer-Personalmangel-Programm-online.pdf\">WELS-Info-Email 2 zum Bildungs- und Schulleitungssymposium WELSfocus 2023: Programm online\u00a0<\/a><\/li><li><a href=\"https:\/\/bildungsmanagement.net\/wp-content\/uploads\/sites\/4\/2023\/07\/WELS-ONLINE-CONFERENCE-2023-Info-Email-Prof.-Dr.-Stephan-Huber_-WELSfocus-15.-Maerz-2023-Schulischer-Personal-mangel.pdf\">WELS-Info-Email 1 zum Bildungs- und Schulleitungssymposium WELSfocus 2023: Schulischer Personalmangel<\/a><\/li><\/ul><\/div>\n\t\t\t\t\t\t\t\t\t<div class=\"elementor-tab-title elementor-tab-mobile-title\" aria-selected=\"false\" data-tab=\"3\" role=\"tab\" tabindex=\"-1\" aria-controls=\"elementor-tab-content-1113\" aria-expanded=\"false\">2022<\/div>\n\t\t\t\t\t<div id=\"elementor-tab-content-1113\" class=\"elementor-tab-content elementor-clearfix\" data-tab=\"3\" role=\"tabpanel\" aria-labelledby=\"elementor-tab-title-1113\" tabindex=\"0\" hidden=\"hidden\"><p><strong>November<\/strong><\/p><ul><li><a href=\"https:\/\/bildungsmanagement.net\/wp-content\/uploads\/sites\/4\/2023\/07\/IBB-Info-Email-November-2022.pdf\">IBB-Info-Email: Aktuelle Informationen aus dem IBB der PH Zug zum Thema Personalmangel an Schulen<\/a><\/li><\/ul><p><strong>September<\/strong><\/p><ul style=\"font-weight: 400\"><li><a href=\"https:\/\/bildungsmanagement.net\/wp-content\/uploads\/sites\/4\/2022\/10\/Morgen-WELS-ONLINE-KONFERENZ-2022-Info-Email-Prof.-Dr.-Stephan-Huber-WELSmain-28.-30.-September-2022-Nehmen-Sie-teil-kostenfreie-Anmeldung-noch-moeglich.pdf\">WELS-Info-Email 4 zum Bildungs- und Schulleitungssymposium 2022: Dritter Halbtag, nehmen Sie noch teil<\/a><\/li><li><a href=\"https:\/\/bildungsmanagement.net\/wp-content\/uploads\/sites\/4\/2022\/10\/WELS-ONLINE-KONFERENZ-2022-Info-Email-Prof.-Dr.-Stephan-Huber-WELSmain-dritter-Halbtag-30.-September-2022-15.00-Uhr-MESZ-Nehmen-Sie-noch-teil.pdf\">WELS-Info-Email 3 zum Bildungs- und Schulleitungssymposium 2022: Nehmen Sie teil, Anmeldung noch m\u00f6glich<\/a><\/li><li><a href=\"https:\/\/bildungsmanagement.net\/wp-content\/uploads\/sites\/4\/2022\/10\/WELS-ONLINE-CONFERENCE-2022-Info-Email-Prof.-Dr.-Stephan-Huber-WELSmain-28.-30.-September-2022-Programm-online.pdf\">WELS-Info-Email 2 zum Bildungs- und Schulleitungssymposium 2022: Programm online<\/a><\/li><li><a href=\"https:\/\/bildungsmanagement.net\/wp-content\/uploads\/sites\/4\/2022\/10\/IBB-Info-Email-September-2022.pdf\">IBB-Info-Email: Aktuelle Informationen<\/a><\/li><\/ul><p><strong>August<\/strong><\/p><ul><li><a href=\"https:\/\/bildungsmanagement.net\/wp-content\/uploads\/sites\/4\/2022\/08\/Infos-vom-IBB_Prof.-Huber_-August-2022_-Aktuelle-Informationen-aus-dem-IBB-der-PH-Zug.pdf\">IBB-Info-Email: Aktuelle Informationen<\/a><\/li><\/ul><p style=\"font-weight: 400\"><strong>July<\/strong><\/p><ul><li><a href=\"https:\/\/bildungsmanagement.net\/wp-content\/uploads\/sites\/4\/2022\/08\/WELS-ONLINE-CONFERENCE-2022-Info-Email-Prof.-Dr.-Stephan-Huber-WELSmain-28.-30.-September-2022-Call-for-Poposals-22-07-01.pdf\">WELS-Info-Email 1 zum Bildungs- und Schulleitungssymposium 2022: Call for Proposals (pdf)<\/a><\/li><\/ul><p style=\"font-weight: 400\"><strong>April<\/strong><\/p><ul><li><a href=\"https:\/\/bildungsmanagement.net\/wp-content\/uploads\/sites\/4\/2022\/08\/IBB-Info-Email-2-April-2022-Einladung-zur-Mitwirkung-als-Fachmoderatoren.pdf\">IBB-Info-Email: Einladung zur Mitwirkung als Fachmoderatoren und Fachexperten (pdf)<\/a><\/li><li><a href=\"https:\/\/bildungsmanagement.net\/wp-content\/uploads\/sites\/4\/2022\/08\/IBB-Info-Email-April-2022-CAS-LeadIn-und-weitere-Informationen.pdf\">IBB-Info-Email: CAS LeadIn und weitere aktuelle Informationen (pdf)\u00a0<\/a><\/li><\/ul><p style=\"font-weight: 400\"><strong>March<\/strong><\/p><ul><li><a href=\"https:\/\/bildungsmanagement.net\/wp-content\/uploads\/sites\/4\/2022\/08\/IBB-Info-Email-Maerz-2022_Angebote-fuer-gefluechtete-Kinder-und-Jugendliche-und-weitere-aktuelle-Informatio-nen.pdf\">IBB-Info-Email: Angebote f\u00fcr gefl\u00fcchtete Kinder und Jugendliche aus der Ukraine \/ Aktuelle Informationen (pdf)<\/a><\/li><\/ul><p style=\"font-weight: 400\"><strong>February<\/strong><\/p><ul><li><a href=\"https:\/\/bildungsmanagement.net\/wp-content\/uploads\/sites\/4\/2022\/08\/Ihre-aktuelle-Schulsituation-HiS-Studie-2.0-in-D-A-CH-JETZT-AKTUELL-DOKUMENTIEREN.-Bitte-teilnehmen-einzeln-oder-als-Schule.pdf\">Ihre aktuelle Schulsituation (HiS-Studie 2.0 in D-A-CH) &#8211; JETZT AKTUELL DOKUMENTIEREN: Bitte teilnehmen, einzeln oder als Schule (pdf)<\/a><\/li><\/ul><\/div>\n\t\t\t\t\t\t\t\t\t<div class=\"elementor-tab-title elementor-tab-mobile-title\" aria-selected=\"false\" data-tab=\"4\" role=\"tab\" tabindex=\"-1\" aria-controls=\"elementor-tab-content-1114\" aria-expanded=\"false\">2021<\/div>\n\t\t\t\t\t<div id=\"elementor-tab-content-1114\" class=\"elementor-tab-content elementor-clearfix\" data-tab=\"4\" role=\"tabpanel\" aria-labelledby=\"elementor-tab-title-1114\" tabindex=\"0\" hidden=\"hidden\"><p style=\"font-weight: 400\"><strong>December<\/strong><\/p><ul><li><a href=\"https:\/\/bildungsmanagement.net\/wp-content\/uploads\/sites\/4\/2022\/08\/IBB-Info-Email-Dezember-2021.pdf\">IBB-Info-Email: Aktuelle Informationen sowie \u00abFrohe Weihnachten und einen guten Rutsch!\u00bb (pdf)<\/a><\/li><\/ul><p style=\"font-weight: 400\"><strong>September<\/strong><\/p><ul><li><a href=\"https:\/\/bildungsmanagement.net\/wp-content\/uploads\/sites\/4\/2022\/08\/PHZG-IBB-IE-10-WELS.pdf\">WELS-Info-Email 10 zum Bildungs- und Schulleitungssymposium 2021 (pdf)<\/a><\/li><li><a href=\"https:\/\/bildungsmanagement.net\/wp-content\/uploads\/sites\/4\/2022\/08\/WELSmain-2021-Programm-und-Referierende-IE-9-DE.pdf\">WELS-Info-Email 9 zum Bildungs- und Schulleitungssymposium 2021 (pdf)<\/a><\/li><li><a href=\"https:\/\/bildungsmanagement.net\/wp-content\/uploads\/sites\/4\/2022\/08\/HiS-Schulleitungsstudie-D-A-CH-JETZT-SITUATION-DOKUMENTIEREN.-BITTE-TEILNEHMEN-einzeln-oder-als-Schule.pdf\">HiS-Studie 2.0 in D-A-CH &#8211; JETZT SITUATION DOKUMENTIEREN: BITTE TEILNEHMEN, einzeln oder als Schule<\/a><\/li><\/ul><p style=\"font-weight: 400\"><strong>August<\/strong><\/p><ul><li><a href=\"https:\/\/bildungsmanagement.net\/wp-content\/uploads\/sites\/4\/2022\/08\/IBB-Info-Email-DE-August-2021.pdf\">IBB-Info-Email: Aktuelle Publikationen \/ CfP Jahrbuch Schulleitung 2022 \/ WELSmain (pdf)<\/a><\/li><li><a href=\"https:\/\/bildungsmanagement.net\/wp-content\/uploads\/sites\/4\/2022\/08\/WELSmain-2021-Programm-IE-8-DE.pdf\">WELS-Info-Email 8 zum Bildungs- und Schulleitungssymposium 2021 (pdf)<\/a><\/li><\/ul><p style=\"font-weight: 400\"><strong>June<\/strong><\/p><ul><li><a href=\"https:\/\/bildungsmanagement.net\/wp-content\/uploads\/sites\/4\/2022\/08\/WELSmain-2021-Call-for-Proposals-IE-7-DE.pdf\">WELS-Info-Email 7 zum Bildungs- und Schulleitungssymposium 2021 (pdf)<\/a><\/li><\/ul><p style=\"font-weight: 400\"><strong>May<\/strong><\/p><ul><li><a href=\"https:\/\/bildungsmanagement.net\/wp-content\/uploads\/sites\/4\/2022\/08\/WELSmain-2021-Call-for-Proposals-\u2013-Einreichung-von-Tagungsbeitraegen-fuer-WELSmain.pdf\">WELS-Info-Email 6 zum Bildungs- und Schulleitungssymposium 2021 (pdf)<\/a><\/li><li>HiS Schulleitungsstudie D-A-CH &#8211; JETZT SITUATION DOKUMENTIEREN: BITTE TEILNEHMEN, einzeln oder als Schule (pdf)<\/li><\/ul><p class=\"titel\"><strong>March<\/strong><\/p><ul><li class=\"text\"><p><a href=\"https:\/\/edulead.net\/ibb\/wp-content\/uploads\/sites\/4\/2021\/08\/WELS_Online_Konferenzen_2021_Rueckblick_auf_WELSfocus_Ankuendigung_von_WELSmain_28-30_September_2021_WELS-Info-Email_5_Prof_Dr_Stephan_Huber.pdf\">WELS-Info-Email 5 zum Bildungs- und Schulleitungssymposium 2021 (pdf)<\/a><\/p><\/li><\/ul><p class=\"titel\"><strong>January<\/strong><\/p><ul><li class=\"text\"><p><a href=\"https:\/\/edulead.net\/ibb\/wp-content\/uploads\/sites\/4\/2021\/08\/Schulleitungsstudie_D-A-CH_und_Dienstleistung_fuer_Schulen_HiS_Schul-Barometer.pdf\">Schulleitungsstudie D-A-CH und Dienstleistung f\u00fcr Schulen HiS (Schul-Barometer) (pdf)<\/a><\/p><\/li><li class=\"text\"><p><a href=\"https:\/\/edulead.net\/ibb\/wp-content\/uploads\/sites\/4\/2021\/08\/WELSfocus_am_01022021_15-19_Uhr_-Programm_Updates_Referierende_und_Themen_Teilnahme_noch_kostenfrei_moeglich_WELS-Info-Email_4_Prof_Dr_Stephan_Huber.pdf\">WELS-Info-Email 4 zum Bildungs- und Schulleitungssymposium 2021 (pdf)<\/a><\/p><\/li><li class=\"text\"><p><a href=\"https:\/\/edulead.net\/ibb\/wp-content\/uploads\/sites\/4\/2021\/08\/WELSfocus_am_01022021_15-19_Uhr_Programm_online_Referierende_und_Themen_grosse_Resonanz_Teilnahme_kostenfrei_moeglich_WELS-Info-Email_3_Prof_Dr_Stephan_Huber.pdf\">WELS-Info-Email 3 zum Bildungs- und Schulleitungssymposium 2021 (pdf)<\/a><\/p><\/li><li class=\"text\"><p><a href=\"https:\/\/edulead.net\/ibb\/wp-content\/uploads\/sites\/4\/2021\/08\/WELS_ONLINE_CONFERENCES_2021_Info-Email_2_Prof_Dr_Stephan_Huber_WELSfocus_Call_for_Proposals-DE.pdf\">WELS-Info-Email 2 zum Bildungs- und Schulleitungssymposium 2021 (pdf)<\/a><\/p><\/li><\/ul><\/div>\n\t\t\t\t\t\t\t\t\t<div class=\"elementor-tab-title elementor-tab-mobile-title\" aria-selected=\"false\" data-tab=\"5\" role=\"tab\" tabindex=\"-1\" aria-controls=\"elementor-tab-content-1115\" aria-expanded=\"false\">2020<\/div>\n\t\t\t\t\t<div id=\"elementor-tab-content-1115\" class=\"elementor-tab-content elementor-clearfix\" data-tab=\"5\" role=\"tabpanel\" aria-labelledby=\"elementor-tab-title-1115\" tabindex=\"0\" hidden=\"hidden\"><p class=\"titel\"><strong>December<\/strong><\/p><ul><li class=\"text\"><p><a href=\"https:\/\/edulead.net\/ibb\/wp-content\/uploads\/sites\/4\/2021\/08\/IBB-Info-Email-Dezember-2020-DE.pdf\">IBB-Info-Email: Einladung zur Schulleitungsstudie und zum Serviceangebot f\u00fcr Schulen \/ Call f\u00fcr WELSfocus 2021 \/ WELSmain 2021 \/ Publikationen: Jahresr\u00fcckblick 2020 \/ Podcast zur Zukunft des Lernens \/ Stellenangebote (pdf)<\/a><\/p><\/li><li class=\"text\"><p>HiS Herausforderungen in Schulleitung und Schule Befragung zur aktuellen Situation und Serviceangebot f\u00fcr Schulen (pdf)<\/p><\/li><\/ul><p class=\"titel\"><strong>November<\/strong><\/p><ul><li class=\"text\"><p><a href=\"https:\/\/edulead.net\/ibb\/wp-content\/uploads\/sites\/4\/2021\/08\/WELSONLINECONFERENCES2021Info-Email1ProfDrStephanHuberWELS2021Savethedate-DE.pdf\">WELS-Info-Email 1 zum Bildungs- und Schulleitungssymposium 2021 (pdf)<\/a><\/p><\/li><\/ul><p class=\"titel\"><strong>October<\/strong><\/p><ul><li class=\"text\"><p><a href=\"https:\/\/edulead.net\/ibb\/wp-content\/uploads\/sites\/4\/2021\/08\/IBB-Info-Email-Oktober-2020.pdf\">IBB-Info-Email: Schulen mit besonderen Herausforderungen Besonders belastete Schulen \/ SchulVerwaltung spezial soeben erschienen (pdf)<\/a><\/p><\/li><\/ul><p class=\"titel\"><strong>August<\/strong><\/p><ul><li class=\"text\"><p><a href=\"https:\/\/edulead.net\/ibb\/wp-content\/uploads\/sites\/4\/2021\/08\/WELS_ONLINE_CONFERENCE_Info-Email_3_-Prof_Dr_Stephan_Huber_WELS_2020_Speakers_and_Topics.pdf\">WELS ONLINE CONFERENCE Info-Email 3 (pdf)<\/a><\/p><\/li><li class=\"text\"><p><a href=\"https:\/\/edulead.net\/ibb\/wp-content\/uploads\/sites\/4\/2021\/08\/WELS_ONLINE_CONFERENCE_Info-Email_2_Prof_Dr_Stephan_Huber_WELS_2020_Registration_status_Call_for_Proposals.pdf\">WELS ONLINE CONFERENCE Info-Email 2 (pdf)<\/a><\/p><\/li><\/ul><p class=\"titel\"><strong>July<\/strong><\/p><ul><li class=\"text\"><p><a href=\"https:\/\/edulead.net\/ibb\/wp-content\/uploads\/sites\/4\/2021\/08\/IBB-Info-Email-Juli-2020.pdf\">IBB-Info-Email: Schul-Barometer: zwei neue Artikel erschienen, zweite Befragungswelle gestartet \/ Innovationsforum Schweiz \/ Weitere Kurzmeldungen (pdf)<\/a><\/p><\/li><\/ul><p class=\"titel\"><strong>June<\/strong><\/p><ul><li class=\"text\"><p><a href=\"https:\/\/edulead.net\/ibb\/wp-content\/uploads\/sites\/4\/2021\/08\/Schul-Barometer-Zweite-Kurzbefragung.pdf\">Schul-Barometer: COVID-19 und Schule. Zweite Kurzbefragung (pdf)<\/a><\/p><\/li><\/ul><p class=\"titel\"><strong>May<\/strong><\/p><ul><li class=\"text\"><p><a href=\"https:\/\/edulead.net\/ibb\/wp-content\/uploads\/sites\/4\/2021\/08\/IBB-Info-Email-Mai-2020.pdf\">IBB-Info-Email: Schul-Barometer \/ WELS ONLINE \/ 3 Neuerscheinungen zu Governance, Leadership &amp; Management (pdf)<\/a><\/p><\/li><li class=\"text\"><p><a href=\"https:\/\/edulead.net\/ibb\/wp-content\/uploads\/sites\/4\/2021\/08\/WELS_ONLINE_CONFERENCE_Info-Email_1.pdf\">WELS ONLINE CONFERENCE Info-Email 1 (pdf) <\/a><\/p><\/li><\/ul><p class=\"titel\"><strong>April<\/strong><\/p><ul><li class=\"text\"><p>Schul-Barometer: COVID-19 und Schule. Open Access kostenfreie Buch-Publikation (pdf)<\/p><\/li><\/ul><p class=\"titel\"><strong>March<\/strong><\/p><ul><li class=\"text\"><p><a href=\"https:\/\/edulead.net\/ibb\/wp-content\/uploads\/sites\/4\/2021\/08\/Schul-Barometer_Teilnahmezeit_verlaengert.pdf\">Schul-Barometer: COVID-19 und Schule. Teilnahmezeit verl\u00e4ngert bis Sonntag 5.4.2020 (pdf)<\/a><\/p><\/li><li class=\"text\"><p><a href=\"https:\/\/edulead.net\/ibb\/wp-content\/uploads\/sites\/4\/2021\/08\/Schul-Barometer_COVID19_und_aktuelle_Herausforderungen_in_Schule_und_Bildung.pdf\">Schul-Barometer (Erfahrungs- und Know-how-Austausch). COVID-19 und aktuelle Herausforderungen in Schule und Bildung (pdf)<\/a><\/p><\/li><\/ul><\/div>\n\t\t\t\t\t\t\t\t\t<div class=\"elementor-tab-title elementor-tab-mobile-title\" aria-selected=\"false\" data-tab=\"6\" role=\"tab\" tabindex=\"-1\" aria-controls=\"elementor-tab-content-1116\" aria-expanded=\"false\">2019<\/div>\n\t\t\t\t\t<div id=\"elementor-tab-content-1116\" class=\"elementor-tab-content elementor-clearfix\" data-tab=\"6\" role=\"tabpanel\" aria-labelledby=\"elementor-tab-title-1116\" tabindex=\"0\" hidden=\"hidden\"><h3 class=\"titel\">August<\/h3><ul><li class=\"text\"><a href=\"https:\/\/edulead.net\/ibb\/wp-content\/uploads\/sites\/4\/2021\/08\/WELS-Info-Email_8_DE.pdf\">WELS-Info-Email 8 zum Bildungs- und Schulleitungssymposium (pdf)<\/a><\/li><\/ul><h3 class=\"titel\">July<\/h3><ul><li class=\"text\"><a href=\"https:\/\/edulead.net\/ibb\/wp-content\/uploads\/sites\/4\/2021\/08\/WELS-Info-Email_7_DE.pdf\">WELS-Info-Email 7 zum Bildungs- und Schulleitungssymposium (pdf)<\/a><\/li><\/ul><h3 class=\"titel\">May<\/h3><ul><li class=\"text\"><a href=\"https:\/\/edulead.net\/ibb\/wp-content\/uploads\/sites\/4\/2021\/08\/WELS-Info-Email_6_DE.pdf\">WELS-Info-Email 6 zum Bildungs- und Schulleitungssymposium (pdf)<\/a><\/li><\/ul><h3 class=\"titel\">March<\/h3><ul><li class=\"text\"><a href=\"https:\/\/edulead.net\/ibb\/wp-content\/uploads\/sites\/4\/2021\/08\/WELS_Info_Email_5.pdf\">WELS-Info-Email 5 zum Bildungs- und Schulleitungssymposium (pdf)<\/a><\/li><\/ul><h3 class=\"titel\">January<\/h3><ul><li class=\"text\"><a href=\"http:\/\/www.bildungsmanagement.net\/pdf\/DE_WELS_Info_Email_4.pdf\">WELS-Info-Email 4 zum Bildungs- und Schulleitungssymposium (pdf, nur in Englisch)<\/a><\/li><\/ul><\/div>\n\t\t\t\t\t\t\t\t\t<div class=\"elementor-tab-title elementor-tab-mobile-title\" aria-selected=\"false\" data-tab=\"7\" role=\"tab\" tabindex=\"-1\" aria-controls=\"elementor-tab-content-1117\" aria-expanded=\"false\">2018<\/div>\n\t\t\t\t\t<div id=\"elementor-tab-content-1117\" class=\"elementor-tab-content elementor-clearfix\" data-tab=\"7\" role=\"tabpanel\" aria-labelledby=\"elementor-tab-title-1117\" tabindex=\"0\" hidden=\"hidden\"><h3 class=\"titel\">December<\/h3><ul><li class=\"text\"><a href=\"https:\/\/edulead.net\/ibb\/wp-content\/uploads\/sites\/4\/2021\/08\/DE_WELS_Info_Email_3.pdf\">WELS-Info-Email 3 zum Bildungs- und Schulleitungssymposium (pdf)<\/a><\/li><\/ul><h3 class=\"titel\">November<\/h3><ul><li class=\"text\"><a href=\"https:\/\/edulead.net\/ibb\/wp-content\/uploads\/sites\/4\/2021\/08\/wels-nov-18-de.pdf\">WELS-Info-Email 2 zum Bildungs- und Schulleitungssymposium (pdf)<\/a><\/li><\/ul><h3 class=\"titel\">October<\/h3><ul><li class=\"text\"><a href=\"https:\/\/edulead.net\/ibb\/wp-content\/uploads\/sites\/4\/2021\/08\/wels-info-mail-okt-2018-de.pdf\">WELS-Info-Email 1 zum Bildungs- und Schulleitungssymposium (pdf)<\/a><\/li><\/ul><\/div>\n\t\t\t\t\t\t\t\t\t<div class=\"elementor-tab-title elementor-tab-mobile-title\" aria-selected=\"false\" data-tab=\"8\" role=\"tab\" tabindex=\"-1\" aria-controls=\"elementor-tab-content-1118\" aria-expanded=\"false\">2017<\/div>\n\t\t\t\t\t<div id=\"elementor-tab-content-1118\" class=\"elementor-tab-content elementor-clearfix\" data-tab=\"8\" role=\"tabpanel\" aria-labelledby=\"elementor-tab-title-1118\" tabindex=\"0\" hidden=\"hidden\"><h3 class=\"titel\">June<\/h3><ul><li class=\"text\"><a href=\"http:\/\/www.bildungsmanagement.net\/pdf\/info-email-de-juni-2017.pdf\">Info-Email 5 (pdf)<\/a><\/li><\/ul><h3 class=\"titel\">April<\/h3><ul><li class=\"text\"><a href=\"https:\/\/edulead.net\/ibb\/wp-content\/uploads\/sites\/4\/2021\/08\/info-email-de-april-2017.pdf\">Info-Email 4 (pdf)<\/a><\/li><\/ul><h3 class=\"titel\">March<\/h3><ul><li class=\"text\"><a href=\"http:\/\/www.bildungsmanagement.net\/pdf\/info-email-de-maerz-2017-serienemail-Fruehbucher-Rabatt-17-03-22.pdf\">Info-Email 3 (pdf)<\/a><\/li><\/ul><h3 class=\"titel\">January<\/h3><ul><li><a href=\"http:\/\/www.bildungsmanagement.net\/pdf\/info-email-de-januar-2017-CALLTravelGrant.pdf\">Info-Email 2 (pdf)<\/a><\/li><li><a href=\"https:\/\/edulead.net\/ibb\/wp-content\/uploads\/sites\/4\/2021\/08\/info-email-de-januar-2017-CALLVerlaengerung.pdf\">Info-Email 1 (pdf)<\/a><\/li><\/ul><\/div>\n\t\t\t\t\t\t\t\t\t<div class=\"elementor-tab-title elementor-tab-mobile-title\" aria-selected=\"false\" data-tab=\"9\" role=\"tab\" tabindex=\"-1\" aria-controls=\"elementor-tab-content-1119\" aria-expanded=\"false\">2016<\/div>\n\t\t\t\t\t<div id=\"elementor-tab-content-1119\" class=\"elementor-tab-content elementor-clearfix\" data-tab=\"9\" role=\"tabpanel\" aria-labelledby=\"elementor-tab-title-1119\" tabindex=\"0\" hidden=\"hidden\"><h3 class=\"titel\">November<\/h3><ul><li class=\"text\"><a href=\"https:\/\/edulead.net\/ibb\/wp-content\/uploads\/sites\/4\/2021\/08\/info-email-de-november-2016.pdf\">Info-Email 3 (pdf)<\/a><\/li><\/ul><h3 class=\"titel\">August<\/h3><ul><li class=\"text\"><a href=\"http:\/\/www.bildungsmanagement.net\/pdf\/info-email-de-august-2016.pdf\">Info-Email 2 (pdf)<\/a><\/li><\/ul><h3 class=\"titel\">March<\/h3><ul><li class=\"text\"><a href=\"https:\/\/edulead.net\/ibb\/wp-content\/uploads\/sites\/4\/2021\/08\/info-email-maerz-2016.pdf\">Info-Email 1 (pdf)<\/a><\/li><\/ul><\/div>\n\t\t\t\t\t\t\t\t\t<div class=\"elementor-tab-title elementor-tab-mobile-title\" aria-selected=\"false\" data-tab=\"10\" role=\"tab\" tabindex=\"-1\" aria-controls=\"elementor-tab-content-11110\" aria-expanded=\"false\">2015<\/div>\n\t\t\t\t\t<div id=\"elementor-tab-content-11110\" class=\"elementor-tab-content elementor-clearfix\" data-tab=\"10\" role=\"tabpanel\" aria-labelledby=\"elementor-tab-title-11110\" tabindex=\"0\" hidden=\"hidden\"><h3 class=\"titel\">June<\/h3><ul><li>Info-Email 4 zum Bildungs- und Schulleitungssymposium<\/li><\/ul><h3><span class=\"titel\">May<\/span><\/h3><ul><li>Info-Email 3 zum Bildungs- und Schulleitungssymposium<\/li><\/ul><h3>April<\/h3><ul><li>Info-Email 2 zum Bildungs- und Schulleitungssymposium<\/li><\/ul><h3 class=\"titel\">March<\/h3><ul><li><em>Alle Meldungen im \u00dcberblick zum Download:\u00a0<\/em><a href=\"https:\/\/edulead.net\/ibb\/wp-content\/uploads\/sites\/4\/2021\/08\/IBB-Info-Email-1-2015-Symposium2015-Programm-DE.pdf\">Info-Email 1 (pdf)<\/a><\/li><li><em>Einzelmeldungen zum Anklicken:\u00a0<\/em>Bildungssymposium Schweiz und Internationales Schulleitungssymposium 2015<\/li><\/ul><\/div>\n\t\t\t\t\t\t\t\t\t<div class=\"elementor-tab-title elementor-tab-mobile-title\" aria-selected=\"false\" data-tab=\"11\" role=\"tab\" tabindex=\"-1\" aria-controls=\"elementor-tab-content-11111\" aria-expanded=\"false\">2014<\/div>\n\t\t\t\t\t<div id=\"elementor-tab-content-11111\" class=\"elementor-tab-content elementor-clearfix\" data-tab=\"11\" role=\"tabpanel\" aria-labelledby=\"elementor-tab-title-11111\" tabindex=\"0\" hidden=\"hidden\"><h3 class=\"titel\">December<\/h3><ul><li class=\"text\"><em>Alle Meldungen im \u00dcberblick zum Download:<\/em><a href=\"https:\/\/edulead.net\/ibb\/wp-content\/uploads\/sites\/4\/2021\/08\/IBB-Info-Email-3-Symposium2015-CfP-Anmeldung.pdf\"> Info-Email 3 (pdf)<\/a><\/li><li><em>Einzelmeldungen zum Anklicken: <\/em>Bildungssymposium Schweiz und Internationales Schulleitungssymposium 2015<\/li><\/ul><h3 class=\"titel\">October<\/h3><ul><li><em>Alle Meldungen im \u00dcberblick zum Download:<\/em><a href=\"https:\/\/edulead.net\/ibb\/wp-content\/uploads\/sites\/4\/2021\/08\/IBB-Info-Email-2014-2-Symposium2015-DE.pdf\"> Info-Email 2 (pdf)<\/a><\/li><li><em>Einzelmeldungen zum Anklicken: <\/em>Bildungssymposium Schweiz und Internationales Schulleitungssymposium 2015<\/li><\/ul><h3 class=\"titel\">June<\/h3><ul><li><em>Alle Meldungen im \u00dcberblick zum Download:\u00a0<\/em><a href=\"https:\/\/edulead.net\/ibb\/wp-content\/uploads\/sites\/4\/2021\/08\/IBB-Infomail-Newsletter-2014-1-DE.pdf\">Info-Email 1 (pdf)<\/a><\/li><li><em>Einzelmeldungen zum Anklicken:<\/em><ul><li><span class=\"text\">Jubil\u00e4um \u201e10 Jahre IBB\u201c <\/span><br \/>Im Rahmen des Bildungssymposiums Schweiz und Internationalen Schulleitungssymposiums 2013 feierten das IBB mit Kollegen, Partnern, Auftraggebern und Adressaten sein 10-j\u00e4hriges Jubil\u00e4um.<\/li><li>Bildungssymposium Schweiz und Internationales Schulleitungssymposium 2013: Film online <br \/>Das Thema des Symposiums 2013 lautete: Herausforderungen und Chancen f\u00fcr Schule und p\u00e4dagogische F\u00fchrung. Rund 800 Experten aus 52 L\u00e4ndern nahmen teil. Nun ist die filmische Dokumentation online.<\/li><li>Save the Date f\u00fcr das n\u00e4chste SLS: 2. bis 4. September 2015<br \/>Das n\u00e4chste Bildungssymposium Schweiz und Internationale Schulleitungssymposium findet vom 2. bis 4. September 2015 in Zug statt.<\/li><li>Forschungsprojekt \u201eExterne Schulevaluation und Schulentwicklung\u201c: Umfrage bei Schulleitungen in der Schweiz gestartet<br \/>Ziel des Forschungsprojekts ist es, die Erfahrungen der Schulleitenden in der Schweiz mit externer Schulevaluation zu erfassen. Die Gesch\u00e4ftsstelle des VSLCH unterst\u00fctzt dieses Forschungsvorhaben.<\/li><li>Einige Publikationen &#8211; Neuerscheinungen<\/li><li>Einige Posterpr\u00e4sentationen von Projekten<\/li><\/ul><\/li><\/ul><\/div>\n\t\t\t\t\t\t\t<\/div>\n\t\t<\/div>\n\t\t\t\t\t\t<\/div>\n\t\t\t\t<\/div>\n\t\t\t\t\t<\/div>\n\t\t<\/div>\n\t\t\t\t\t<\/div>\n\t\t<\/section>\n\t\t\t\t<\/div>\n\t\t","protected":false},"excerpt":{"rendered":"<p>On this page, current information from the IBB is listed chronologically. To retrieve information from previous years, please open the respective tab. Here you can subscribe to the IBB-Info-Email. Here you can subscribe to the WELS-Info-Email. 2024 2023 2022 2021 2020 2019 2018 2017 2016 2015 2014 2024 June WELS-Info-Email Save the date \u00a0 March [&hellip;]<\/p>\n","protected":false},"author":1,"featured_media":0,"parent":0,"menu_order":0,"comment_status":"closed","ping_status":"closed","template":"","meta":{"footnotes":""},"class_list":["post-4884","page","type-page","status-publish","hentry"],"yoast_head":"<!-- This site is optimized with the Yoast SEO plugin v27.1.1 - https:\/\/yoast.com\/product\/yoast-seo-wordpress\/ -->\n<title>Info-Emails - Education Management<\/title>\n<meta name=\"robots\" content=\"index, follow, max-snippet:-1, max-image-preview:large, max-video-preview:-1\" \/>\n<link rel=\"canonical\" href=\"https:\/\/bildungsmanagement.net\/en\/infoemail\/\" \/>\n<meta property=\"og:locale\" content=\"en_US\" \/>\n<meta property=\"og:type\" content=\"article\" \/>\n<meta property=\"og:title\" content=\"Info-Emails - Education Management\" \/>\n<meta property=\"og:description\" content=\"On this page, current information from the IBB is listed chronologically. To retrieve information from previous years, please open the respective tab. Here you can subscribe to the IBB-Info-Email. Here you can subscribe to the WELS-Info-Email. 2024 2023 2022 2021 2020 2019 2018 2017 2016 2015 2014 2024 June WELS-Info-Email Save the date \u00a0 March [&hellip;]\" \/>\n<meta property=\"og:url\" content=\"https:\/\/bildungsmanagement.net\/en\/infoemail\/\" \/>\n<meta property=\"og:site_name\" content=\"Education Management\" \/>\n<meta property=\"article:modified_time\" content=\"2024-06-04T07:47:39+00:00\" \/>\n<meta name=\"twitter:card\" content=\"summary_large_image\" \/>\n<meta name=\"twitter:label1\" content=\"Est. reading time\" \/>\n\t<meta name=\"twitter:data1\" content=\"5 minutes\" \/>\n<script type=\"application\/ld+json\" class=\"yoast-schema-graph\">{\"@context\":\"https:\/\/schema.org\",\"@graph\":[{\"@type\":\"WebPage\",\"@id\":\"https:\/\/bildungsmanagement.net\/en\/infoemail\/\",\"url\":\"https:\/\/bildungsmanagement.net\/en\/infoemail\/\",\"name\":\"Info-Emails - Education Management\",\"isPartOf\":{\"@id\":\"https:\/\/bildungsmanagement.net\/en\/#website\"},\"datePublished\":\"2021-08-05T13:49:23+00:00\",\"dateModified\":\"2024-06-04T07:47:39+00:00\",\"breadcrumb\":{\"@id\":\"https:\/\/bildungsmanagement.net\/en\/infoemail\/#breadcrumb\"},\"inLanguage\":\"en-US\",\"potentialAction\":[{\"@type\":\"ReadAction\",\"target\":[\"https:\/\/bildungsmanagement.net\/en\/infoemail\/\"]}]},{\"@type\":\"BreadcrumbList\",\"@id\":\"https:\/\/bildungsmanagement.net\/en\/infoemail\/#breadcrumb\",\"itemListElement\":[{\"@type\":\"ListItem\",\"position\":1,\"name\":\"Startseite\",\"item\":\"https:\/\/bildungsmanagement.net\/en\/\"},{\"@type\":\"ListItem\",\"position\":2,\"name\":\"Info-Emails\"}]},{\"@type\":\"WebSite\",\"@id\":\"https:\/\/bildungsmanagement.net\/en\/#website\",\"url\":\"https:\/\/bildungsmanagement.net\/en\/\",\"name\":\"Education Management\",\"description\":\"\",\"potentialAction\":[{\"@type\":\"SearchAction\",\"target\":{\"@type\":\"EntryPoint\",\"urlTemplate\":\"https:\/\/bildungsmanagement.net\/en\/?s={search_term_string}\"},\"query-input\":{\"@type\":\"PropertyValueSpecification\",\"valueRequired\":true,\"valueName\":\"search_term_string\"}}],\"inLanguage\":\"en-US\"}]}<\/script>\n<!-- \/ Yoast SEO plugin. -->","yoast_head_json":{"title":"Info-Emails - Education Management","robots":{"index":"index","follow":"follow","max-snippet":"max-snippet:-1","max-image-preview":"max-image-preview:large","max-video-preview":"max-video-preview:-1"},"canonical":"https:\/\/bildungsmanagement.net\/en\/infoemail\/","og_locale":"en_US","og_type":"article","og_title":"Info-Emails - Education Management","og_description":"On this page, current information from the IBB is listed chronologically. To retrieve information from previous years, please open the respective tab. Here you can subscribe to the IBB-Info-Email. Here you can subscribe to the WELS-Info-Email. 2024 2023 2022 2021 2020 2019 2018 2017 2016 2015 2014 2024 June WELS-Info-Email Save the date \u00a0 March [&hellip;]","og_url":"https:\/\/bildungsmanagement.net\/en\/infoemail\/","og_site_name":"Education Management","article_modified_time":"2024-06-04T07:47:39+00:00","twitter_card":"summary_large_image","twitter_misc":{"Est. reading time":"5 minutes"},"schema":{"@context":"https:\/\/schema.org","@graph":[{"@type":"WebPage","@id":"https:\/\/bildungsmanagement.net\/en\/infoemail\/","url":"https:\/\/bildungsmanagement.net\/en\/infoemail\/","name":"Info-Emails - Education Management","isPartOf":{"@id":"https:\/\/bildungsmanagement.net\/en\/#website"},"datePublished":"2021-08-05T13:49:23+00:00","dateModified":"2024-06-04T07:47:39+00:00","breadcrumb":{"@id":"https:\/\/bildungsmanagement.net\/en\/infoemail\/#breadcrumb"},"inLanguage":"en-US","potentialAction":[{"@type":"ReadAction","target":["https:\/\/bildungsmanagement.net\/en\/infoemail\/"]}]},{"@type":"BreadcrumbList","@id":"https:\/\/bildungsmanagement.net\/en\/infoemail\/#breadcrumb","itemListElement":[{"@type":"ListItem","position":1,"name":"Startseite","item":"https:\/\/bildungsmanagement.net\/en\/"},{"@type":"ListItem","position":2,"name":"Info-Emails"}]},{"@type":"WebSite","@id":"https:\/\/bildungsmanagement.net\/en\/#website","url":"https:\/\/bildungsmanagement.net\/en\/","name":"Education Management","description":"","potentialAction":[{"@type":"SearchAction","target":{"@type":"EntryPoint","urlTemplate":"https:\/\/bildungsmanagement.net\/en\/?s={search_term_string}"},"query-input":{"@type":"PropertyValueSpecification","valueRequired":true,"valueName":"search_term_string"}}],"inLanguage":"en-US"}]}},"_links":{"self":[{"href":"https:\/\/bildungsmanagement.net\/en\/wp-json\/wp\/v2\/pages\/4884","targetHints":{"allow":["GET"]}}],"collection":[{"href":"https:\/\/bildungsmanagement.net\/en\/wp-json\/wp\/v2\/pages"}],"about":[{"href":"https:\/\/bildungsmanagement.net\/en\/wp-json\/wp\/v2\/types\/page"}],"author":[{"embeddable":true,"href":"https:\/\/bildungsmanagement.net\/en\/wp-json\/wp\/v2\/users\/1"}],"replies":[{"embeddable":true,"href":"https:\/\/bildungsmanagement.net\/en\/wp-json\/wp\/v2\/comments?post=4884"}],"version-history":[{"count":46,"href":"https:\/\/bildungsmanagement.net\/en\/wp-json\/wp\/v2\/pages\/4884\/revisions"}],"predecessor-version":[{"id":8789,"href":"https:\/\/bildungsmanagement.net\/en\/wp-json\/wp\/v2\/pages\/4884\/revisions\/8789"}],"wp:attachment":[{"href":"https:\/\/bildungsmanagement.net\/en\/wp-json\/wp\/v2\/media?parent=4884"}],"curies":[{"name":"wp","href":"https:\/\/api.w.org\/{rel}","templated":true}]}}