{"id":5100,"date":"2021-08-05T21:53:47","date_gmt":"2021-08-05T19:53:47","guid":{"rendered":"https:\/\/bildungsmanagement.net\/tagungen\/bildungs-und-schulleitungsforum-schweiz-2018\/"},"modified":"2024-04-30T16:52:19","modified_gmt":"2024-04-30T14:52:19","slug":"bildungs-und-schulleitungsforum-schweiz-2018","status":"publish","type":"tagungen","link":"https:\/\/bildungsmanagement.net\/en\/tagungen\/bildungs-und-schulleitungsforum-schweiz-2018\/","title":{"rendered":"Innovationsforum Schweiz 2018"},"content":{"rendered":"\t\t<div data-elementor-type=\"wp-post\" data-elementor-id=\"5100\" data-post-id=\"5100\" data-obj-id=\"5100\" class=\"elementor elementor-5100 dce-elementor-post-5100 elementor-2416\" data-elementor-post-type=\"tagungen\">\n\t\t\t\t\t\t<section class=\"elementor-section elementor-top-section elementor-element elementor-element-c40dec8 elementor-section-boxed elementor-section-height-default elementor-section-height-default\" data-id=\"c40dec8\" data-element_type=\"section\" data-e-type=\"section\">\n\t\t\t\t\t\t<div class=\"elementor-container elementor-column-gap-default\">\n\t\t\t\t\t<div class=\"elementor-column elementor-col-100 elementor-top-column elementor-element elementor-element-db46024\" data-id=\"db46024\" data-element_type=\"column\" data-e-type=\"column\">\n\t\t\t<div class=\"elementor-widget-wrap elementor-element-populated\">\n\t\t\t\t\t\t<div class=\"elementor-element elementor-element-cdafe5a elementor-widget elementor-widget-heading\" data-id=\"cdafe5a\" data-element_type=\"widget\" data-e-type=\"widget\" data-widget_type=\"heading.default\">\n\t\t\t\t<div class=\"elementor-widget-container\">\n\t\t\t\t\t<h2 class=\"elementor-heading-title elementor-size-default\">29. \u2013 30.10.2018<\/h2>\t\t\t\t<\/div>\n\t\t\t\t<\/div>\n\t\t\t\t<div class=\"elementor-element elementor-element-25539c0 elementor-widget elementor-widget-heading\" data-id=\"25539c0\" data-element_type=\"widget\" data-e-type=\"widget\" data-widget_type=\"heading.default\">\n\t\t\t\t<div class=\"elementor-widget-container\">\n\t\t\t\t\t<h3 class=\"elementor-heading-title elementor-size-default\">Pr\u00e4senzveranstaltung im Grandhotel Giessbach in Brienz<\/h3>\t\t\t\t<\/div>\n\t\t\t\t<\/div>\n\t\t\t\t<div class=\"elementor-element elementor-element-414d25c elementor-widget elementor-widget-text-editor\" data-id=\"414d25c\" data-element_type=\"widget\" data-e-type=\"widget\" data-widget_type=\"text-editor.default\">\n\t\t\t\t<div class=\"elementor-widget-container\">\n\t\t\t\t\t\t\t\t\t<p style=\"font-weight: 400;\">Das IBB und der Verband Schulleiterinnen und Schulleiter Schweiz (VSLCH) veranstalten im Zweijahresrhythmus das Bildungs- und Schulleitungsforum Schweiz, dessen erste Ausgabe am 29. und 30 Oktober 2018 im Grandhotel Giessbach exklusiv f\u00fcr geladene G\u00e4ste in Brienz stattfindet.<\/p><p style=\"font-weight: 400;\"><strong>Ziel der Veranstaltung ist, ein Forum f\u00fcr Bildungsinnovation zu etablieren und F\u00fchrungskr\u00e4ften im Bildungsbereich M\u00f6glichkeiten zum Austausch, zur fachlichen Vertiefung und zur gegenseitigen Unterst\u00fctzung bei der Umsetzung neuer Ideen zu bieten.<\/strong><\/p><p style=\"font-weight: 400;\">Teilnehmende sind innovative Schulleitungen, Experten im Bildungsbereich aus der Schweiz und Liechtenstein, G\u00e4ste aus \u00d6sterreich und Deutschland sowie F\u00fchrungskr\u00e4fte aus anderen Branchen\/Arbeitskontexten.<\/p>\t\t\t\t\t\t\t\t<\/div>\n\t\t\t\t<\/div>\n\t\t\t\t<div class=\"elementor-element elementor-element-cb7a92d elementor-widget elementor-widget-heading\" data-id=\"cb7a92d\" data-element_type=\"widget\" data-e-type=\"widget\" data-widget_type=\"heading.default\">\n\t\t\t\t<div class=\"elementor-widget-container\">\n\t\t\t\t\t<h3 class=\"elementor-heading-title elementor-size-default\">\u00a0Programm Giessbach-Forum 2018<\/h3>\t\t\t\t<\/div>\n\t\t\t\t<\/div>\n\t\t\t\t<div class=\"elementor-element elementor-element-58720e9 elementor-widget elementor-widget-text-editor\" data-id=\"58720e9\" data-element_type=\"widget\" data-e-type=\"widget\" data-widget_type=\"text-editor.default\">\n\t\t\t\t<div class=\"elementor-widget-container\">\n\t\t\t\t\t\t\t\t\t<p style=\"font-weight: 400;\"><strong>Montag, 29. Oktober 2018<\/strong><\/p><table style=\"font-weight: 400;\" width=\"589\"><tbody><tr><td width=\"106\"><p>12.00 Uhr<\/p><\/td><td width=\"471\"><p>Mittagessen<\/p><\/td><\/tr><tr><td width=\"106\"><p>13.00 Uhr<\/p><\/td><td width=\"471\"><p>Begr\u00fcssung, Ziele und Tagungsprogramm (\u00dcberblick und W\u00fcnsche)<\/p><\/td><\/tr><tr><td width=\"106\"><p>13.15 Uhr<\/p><\/td><td width=\"471\"><p>R\u00fcckblick:<br \/>Bildung 5.0 &#8211; Reflexionen zum WELS 2017<br \/>(Vortrag und Austausch)<\/p><\/td><\/tr><tr><td><p>14.15 Uhr<\/p><\/td><td><p>Durchblick:<br \/>Strategische Schulentwicklung<br \/>(u.a. mit Prof. Dr. Rick Mintrop:<br \/>Designbasiertes Problemlo\u0308sen und wirksame Schulentwicklung)<\/p><\/td><\/tr><tr><td width=\"106\"><p>14.45 Uhr<\/p><\/td><td width=\"471\"><p>Pause<\/p><\/td><\/tr><tr><td width=\"106\"><p>15.15 Uhr<\/p><\/td><td width=\"471\"><p>Fortsetzung<\/p><\/td><\/tr><tr><td width=\"106\"><p>18.00 Uhr<\/p><\/td><td width=\"471\"><p>Abschluss des ersten Tages<\/p><\/td><\/tr><tr><td width=\"106\"><p>19.00 Uhr<\/p><\/td><td width=\"471\"><p>Ap\u00e9ro und Abendessen<br \/>mit Dinner Speech: Aussenblick<br \/>Innovation in anderen Bereichen<\/p><\/td><\/tr><\/tbody><\/table><p style=\"font-weight: 400;\"><strong>\u00a0Dienstag, 30. Oktober 2018<\/strong><\/p><table style=\"font-weight: 400;\" width=\"589\"><tbody><tr><td width=\"106\"><p>08.45 Uhr<\/p><\/td><td width=\"471\"><p>Einblicke I:<br \/>Foren (parallel)<\/p><p>Praxis-Forum:\u00a0<br \/>F\u00fchrung zwischen Bewahren und Innovation\u00a0<br \/>(Vortrag und Austausch zu (weiteren) Spannungsfeldern)<\/p><p>Forschungs-Forum:<br \/>World School Leadership Study\u00a0<br \/>(Vorstellung der Studie und Austausch)<\/p><p>Forum zu Technologie und Bildung:\u00a0<br \/>Digitalisierung &#8211; Next steps\u00a0<br \/>(Verschiedene Inputs und Austausch)<\/p><p>Strategie-Forum:\u00a0<br \/>Strategische Schulentwicklung, Design-based School Development,\u00a0<br \/>Datenbasierte Schulentwicklung\u00a0<br \/>(Workshop als Vertiefung vom Vortag)<\/p><\/td><\/tr><tr><td width=\"106\"><p>10.15 Uhr<\/p><\/td><td width=\"471\"><p>Pause<\/p><\/td><\/tr><tr><td width=\"106\"><p>10.40 Uhr<\/p><\/td><td width=\"471\"><p>Plenum: Kurzpr\u00e4sentationen aus den Foren<\/p><\/td><\/tr><tr><td><p>11:00 Uhr<\/p><\/td><td><p>Einblicke II:<br \/>Themenpool mittels Bar Camp (parallel)<\/p><\/td><\/tr><tr><td width=\"106\"><p>12.00 Uhr<\/p><\/td><td width=\"471\"><p>Vorausblick:<br \/>Responsible Leadership &#8211; Reflexionen zum WELS 2019<br \/>(Vortrag und kurzer Austausch)<\/p><\/td><\/tr><tr><td width=\"106\"><p>12.30 Uhr<\/p><\/td><td width=\"471\"><p>Mittagessen<\/p><\/td><\/tr><tr><td width=\"106\"><p>13.45 Uhr<\/p><\/td><td width=\"471\"><p>optional: Zwischenblick:<br \/>Kollegiale Beratung oder Speed-Coaching<\/p><p>optional: Querblick:\u00a0<br \/>Spaziergang Giessbachf\u00e4lle<\/p><p>optional: Ausblick:\u00a0<br \/>Bildungsstrategie Schweiz \u2013 weitergedacht Ideenschmiede<\/p><\/td><\/tr><tr><td width=\"106\"><p>16.00 Uhr<\/p><\/td><td width=\"471\"><p>optional: Abschlussplausch bei Kaffee und Kuchen<\/p><\/td><\/tr><\/tbody><\/table>\t\t\t\t\t\t\t\t<\/div>\n\t\t\t\t<\/div>\n\t\t\t\t<div class=\"elementor-element elementor-element-397e0df dce_masking-none elementor-widget elementor-widget-image\" data-id=\"397e0df\" data-element_type=\"widget\" data-e-type=\"widget\" data-widget_type=\"image.default\">\n\t\t\t\t<div class=\"elementor-widget-container\">\n\t\t\t\t\t\t\t\t\t\t\t\t\t\t\t<img decoding=\"async\" width=\"166\" height=\"84\" src=\"https:\/\/bildungsmanagement.net\/wp-content\/uploads\/sites\/4\/2021\/08\/Unbenannt.jpg\" class=\"attachment-large size-large wp-image-8271\" alt=\"\" \/>\t\t\t\t\t\t\t\t\t\t\t\t\t\t\t<\/div>\n\t\t\t\t<\/div>\n\t\t\t\t\t<\/div>\n\t\t<\/div>\n\t\t\t\t\t<\/div>\n\t\t<\/section>\n\t\t\t\t<\/div>\n\t\t","protected":false},"featured_media":8342,"parent":0,"template":"","class_list":["post-5100","tagungen","type-tagungen","status-publish","has-post-thumbnail","hentry"],"yoast_head":"<!-- This site is optimized with the Yoast SEO plugin v27.1.1 - https:\/\/yoast.com\/product\/yoast-seo-wordpress\/ -->\n<title>Innovationsforum Schweiz 2018 - Education Management<\/title>\n<meta name=\"robots\" content=\"index, follow, max-snippet:-1, max-image-preview:large, max-video-preview:-1\" \/>\n<link rel=\"canonical\" href=\"https:\/\/bildungsmanagement.net\/en\/tagungen\/bildungs-und-schulleitungsforum-schweiz-2018\/\" \/>\n<meta property=\"og:locale\" content=\"en_US\" \/>\n<meta property=\"og:type\" content=\"article\" \/>\n<meta property=\"og:title\" content=\"Innovationsforum Schweiz 2018 - Education Management\" \/>\n<meta property=\"og:description\" content=\"29. \u2013 30.10.2018 Pr\u00e4senzveranstaltung im Grandhotel Giessbach in Brienz Das IBB und der Verband Schulleiterinnen und Schulleiter Schweiz (VSLCH) veranstalten im Zweijahresrhythmus das Bildungs- und Schulleitungsforum Schweiz, dessen erste Ausgabe am 29. und 30 Oktober 2018 im Grandhotel Giessbach exklusiv f\u00fcr geladene G\u00e4ste in Brienz stattfindet. Ziel der Veranstaltung ist, ein Forum f\u00fcr Bildungsinnovation zu [&hellip;]\" \/>\n<meta property=\"og:url\" content=\"https:\/\/bildungsmanagement.net\/en\/tagungen\/bildungs-und-schulleitungsforum-schweiz-2018\/\" \/>\n<meta property=\"og:site_name\" content=\"Education Management\" \/>\n<meta property=\"article:modified_time\" content=\"2024-04-30T14:52:19+00:00\" \/>\n<meta property=\"og:image\" content=\"https:\/\/bildungsmanagement.net\/wp-content\/uploads\/sites\/4\/2021\/08\/2018.jpg\" \/>\n\t<meta property=\"og:image:width\" content=\"1280\" \/>\n\t<meta property=\"og:image:height\" content=\"720\" \/>\n\t<meta property=\"og:image:type\" content=\"image\/jpeg\" \/>\n<meta name=\"twitter:card\" content=\"summary_large_image\" \/>\n<script type=\"application\/ld+json\" class=\"yoast-schema-graph\">{\"@context\":\"https:\/\/schema.org\",\"@graph\":[{\"@type\":\"WebPage\",\"@id\":\"https:\/\/bildungsmanagement.net\/en\/tagungen\/bildungs-und-schulleitungsforum-schweiz-2018\/\",\"url\":\"https:\/\/bildungsmanagement.net\/en\/tagungen\/bildungs-und-schulleitungsforum-schweiz-2018\/\",\"name\":\"Innovationsforum Schweiz 2018 - Education Management\",\"isPartOf\":{\"@id\":\"https:\/\/bildungsmanagement.net\/en\/#website\"},\"primaryImageOfPage\":{\"@id\":\"https:\/\/bildungsmanagement.net\/en\/tagungen\/bildungs-und-schulleitungsforum-schweiz-2018\/#primaryimage\"},\"image\":{\"@id\":\"https:\/\/bildungsmanagement.net\/en\/tagungen\/bildungs-und-schulleitungsforum-schweiz-2018\/#primaryimage\"},\"thumbnailUrl\":\"https:\/\/bildungsmanagement.net\/wp-content\/uploads\/sites\/4\/2021\/08\/2018.jpg\",\"datePublished\":\"2021-08-05T19:53:47+00:00\",\"dateModified\":\"2024-04-30T14:52:19+00:00\",\"breadcrumb\":{\"@id\":\"https:\/\/bildungsmanagement.net\/en\/tagungen\/bildungs-und-schulleitungsforum-schweiz-2018\/#breadcrumb\"},\"inLanguage\":\"en-US\",\"potentialAction\":[{\"@type\":\"ReadAction\",\"target\":[\"https:\/\/bildungsmanagement.net\/en\/tagungen\/bildungs-und-schulleitungsforum-schweiz-2018\/\"]}]},{\"@type\":\"ImageObject\",\"inLanguage\":\"en-US\",\"@id\":\"https:\/\/bildungsmanagement.net\/en\/tagungen\/bildungs-und-schulleitungsforum-schweiz-2018\/#primaryimage\",\"url\":\"https:\/\/bildungsmanagement.net\/wp-content\/uploads\/sites\/4\/2021\/08\/2018.jpg\",\"contentUrl\":\"https:\/\/bildungsmanagement.net\/wp-content\/uploads\/sites\/4\/2021\/08\/2018.jpg\",\"width\":1280,\"height\":720},{\"@type\":\"BreadcrumbList\",\"@id\":\"https:\/\/bildungsmanagement.net\/en\/tagungen\/bildungs-und-schulleitungsforum-schweiz-2018\/#breadcrumb\",\"itemListElement\":[{\"@type\":\"ListItem\",\"position\":1,\"name\":\"Startseite\",\"item\":\"https:\/\/bildungsmanagement.net\/en\/\"},{\"@type\":\"ListItem\",\"position\":2,\"name\":\"Tagungen\",\"item\":\"https:\/\/bildungsmanagement.net\/en\/tagungen\/\"},{\"@type\":\"ListItem\",\"position\":3,\"name\":\"Innovationsforum Schweiz 2018\"}]},{\"@type\":\"WebSite\",\"@id\":\"https:\/\/bildungsmanagement.net\/en\/#website\",\"url\":\"https:\/\/bildungsmanagement.net\/en\/\",\"name\":\"Education Management\",\"description\":\"\",\"potentialAction\":[{\"@type\":\"SearchAction\",\"target\":{\"@type\":\"EntryPoint\",\"urlTemplate\":\"https:\/\/bildungsmanagement.net\/en\/?s={search_term_string}\"},\"query-input\":{\"@type\":\"PropertyValueSpecification\",\"valueRequired\":true,\"valueName\":\"search_term_string\"}}],\"inLanguage\":\"en-US\"}]}<\/script>\n<!-- \/ Yoast SEO plugin. -->","yoast_head_json":{"title":"Innovationsforum Schweiz 2018 - Education Management","robots":{"index":"index","follow":"follow","max-snippet":"max-snippet:-1","max-image-preview":"max-image-preview:large","max-video-preview":"max-video-preview:-1"},"canonical":"https:\/\/bildungsmanagement.net\/en\/tagungen\/bildungs-und-schulleitungsforum-schweiz-2018\/","og_locale":"en_US","og_type":"article","og_title":"Innovationsforum Schweiz 2018 - Education Management","og_description":"29. \u2013 30.10.2018 Pr\u00e4senzveranstaltung im Grandhotel Giessbach in Brienz Das IBB und der Verband Schulleiterinnen und Schulleiter Schweiz (VSLCH) veranstalten im Zweijahresrhythmus das Bildungs- und Schulleitungsforum Schweiz, dessen erste Ausgabe am 29. und 30 Oktober 2018 im Grandhotel Giessbach exklusiv f\u00fcr geladene G\u00e4ste in Brienz stattfindet. Ziel der Veranstaltung ist, ein Forum f\u00fcr Bildungsinnovation zu [&hellip;]","og_url":"https:\/\/bildungsmanagement.net\/en\/tagungen\/bildungs-und-schulleitungsforum-schweiz-2018\/","og_site_name":"Education Management","article_modified_time":"2024-04-30T14:52:19+00:00","og_image":[{"width":1280,"height":720,"url":"https:\/\/bildungsmanagement.net\/wp-content\/uploads\/sites\/4\/2021\/08\/2018.jpg","type":"image\/jpeg"}],"twitter_card":"summary_large_image","schema":{"@context":"https:\/\/schema.org","@graph":[{"@type":"WebPage","@id":"https:\/\/bildungsmanagement.net\/en\/tagungen\/bildungs-und-schulleitungsforum-schweiz-2018\/","url":"https:\/\/bildungsmanagement.net\/en\/tagungen\/bildungs-und-schulleitungsforum-schweiz-2018\/","name":"Innovationsforum Schweiz 2018 - Education Management","isPartOf":{"@id":"https:\/\/bildungsmanagement.net\/en\/#website"},"primaryImageOfPage":{"@id":"https:\/\/bildungsmanagement.net\/en\/tagungen\/bildungs-und-schulleitungsforum-schweiz-2018\/#primaryimage"},"image":{"@id":"https:\/\/bildungsmanagement.net\/en\/tagungen\/bildungs-und-schulleitungsforum-schweiz-2018\/#primaryimage"},"thumbnailUrl":"https:\/\/bildungsmanagement.net\/wp-content\/uploads\/sites\/4\/2021\/08\/2018.jpg","datePublished":"2021-08-05T19:53:47+00:00","dateModified":"2024-04-30T14:52:19+00:00","breadcrumb":{"@id":"https:\/\/bildungsmanagement.net\/en\/tagungen\/bildungs-und-schulleitungsforum-schweiz-2018\/#breadcrumb"},"inLanguage":"en-US","potentialAction":[{"@type":"ReadAction","target":["https:\/\/bildungsmanagement.net\/en\/tagungen\/bildungs-und-schulleitungsforum-schweiz-2018\/"]}]},{"@type":"ImageObject","inLanguage":"en-US","@id":"https:\/\/bildungsmanagement.net\/en\/tagungen\/bildungs-und-schulleitungsforum-schweiz-2018\/#primaryimage","url":"https:\/\/bildungsmanagement.net\/wp-content\/uploads\/sites\/4\/2021\/08\/2018.jpg","contentUrl":"https:\/\/bildungsmanagement.net\/wp-content\/uploads\/sites\/4\/2021\/08\/2018.jpg","width":1280,"height":720},{"@type":"BreadcrumbList","@id":"https:\/\/bildungsmanagement.net\/en\/tagungen\/bildungs-und-schulleitungsforum-schweiz-2018\/#breadcrumb","itemListElement":[{"@type":"ListItem","position":1,"name":"Startseite","item":"https:\/\/bildungsmanagement.net\/en\/"},{"@type":"ListItem","position":2,"name":"Tagungen","item":"https:\/\/bildungsmanagement.net\/en\/tagungen\/"},{"@type":"ListItem","position":3,"name":"Innovationsforum Schweiz 2018"}]},{"@type":"WebSite","@id":"https:\/\/bildungsmanagement.net\/en\/#website","url":"https:\/\/bildungsmanagement.net\/en\/","name":"Education Management","description":"","potentialAction":[{"@type":"SearchAction","target":{"@type":"EntryPoint","urlTemplate":"https:\/\/bildungsmanagement.net\/en\/?s={search_term_string}"},"query-input":{"@type":"PropertyValueSpecification","valueRequired":true,"valueName":"search_term_string"}}],"inLanguage":"en-US"}]}},"_links":{"self":[{"href":"https:\/\/bildungsmanagement.net\/en\/wp-json\/wp\/v2\/tagungen\/5100","targetHints":{"allow":["GET"]}}],"collection":[{"href":"https:\/\/bildungsmanagement.net\/en\/wp-json\/wp\/v2\/tagungen"}],"about":[{"href":"https:\/\/bildungsmanagement.net\/en\/wp-json\/wp\/v2\/types\/tagungen"}],"version-history":[{"count":7,"href":"https:\/\/bildungsmanagement.net\/en\/wp-json\/wp\/v2\/tagungen\/5100\/revisions"}],"predecessor-version":[{"id":8604,"href":"https:\/\/bildungsmanagement.net\/en\/wp-json\/wp\/v2\/tagungen\/5100\/revisions\/8604"}],"wp:featuredmedia":[{"embeddable":true,"href":"https:\/\/bildungsmanagement.net\/en\/wp-json\/wp\/v2\/media\/8342"}],"wp:attachment":[{"href":"https:\/\/bildungsmanagement.net\/en\/wp-json\/wp\/v2\/media?parent=5100"}],"curies":[{"name":"wp","href":"https:\/\/api.w.org\/{rel}","templated":true}]}}